{"id":16157,"date":"2024-05-12T08:56:52","date_gmt":"2024-05-12T08:56:52","guid":{"rendered":"https:\/\/www.prime-clean.com\/rgpd-prime-clean\/"},"modified":"2024-12-29T16:19:21","modified_gmt":"2024-12-29T16:19:21","slug":"rgpd-prime-clean","status":"publish","type":"page","link":"https:\/\/www.prime-clean.com\/fr\/rgpd-prime-clean\/","title":{"rendered":"RGPD &#8211; Prime Clean"},"content":{"rendered":"<div class=\"wpb-content-wrapper\"><p>[vc_row][vc_column]<div class=\"themestek-element-heading-wrapper themestek-heading-inner themestek-element-align-center themestek-seperator-none \"><section class=\"themestek-vc_cta3-container\"><div class=\"themestek-vc_general themestek-vc_cta3 themestek-cta3-only themestek-vc_cta3-style-classic themestek-vc_cta3-shape-rounded themestek-vc_cta3-align-center themestek-vc_cta3-color-transparent themestek-vc_cta3-icon-size-md themestek-vc_cta3-actions-no themestek-cta3-without-desc\"><div class=\"themestek-vc_cta3_content-container\"><div class=\"themestek-vc_cta3-content\"><div class=\"themestek-vc_cta3-content-header themestek-wrap\"><div class=\"themestek-vc_cta3-headers themestek-wrap-cell\"><h4 class=\"themestek-custom-heading \" >Prime Clean - Limpezas dom\u00e9sticas e Comerciais<\/h4>\n<h2 class=\"themestek-custom-heading \" >Saiba mais sobre a empresa de limpezas Prime Clean<\/h2>\n<\/div><\/div><\/div><\/div><\/div><\/section><\/div> <!-- .themestek-element-heading-wrapper container --> [\/vc_column][\/vc_row][vc_row css=\u00a0\u00bb.vc_custom_1715366396394{margin-top: -250px !important;}\u00a0\u00bb][vc_column][vc_column_text]<\/p>\n<h1>R\u00e8glement g\u00e9n\u00e9ral sur la protection des donn\u00e9es<\/h1>\n<h2>Introduction<\/h2>\n<p>Le pr\u00e9sent R\u00e8glement g\u00e9n\u00e9ral sur la protection des donn\u00e9es (\u00ab RGPD \u00bb) est \u00e9tabli par Prime Clean (\u00ab Marque \u00bb), dont le si\u00e8ge social est situ\u00e9 au Parque das Na\u00e7\u00f5es Edif\u00edcio Infante Av. D. Jo\u00e3o II, n\u00ba 35, Piso 11\u00ba 1990-083 Lisboa, ci-apr\u00e8s d\u00e9nomm\u00e9 le \u00ab Responsable du traitement \u00bb, conform\u00e9ment au R\u00e8glement (UE) 2016\/679 du Parlement europ\u00e9en et du Conseil, du 27 avril 2016 (\u00ab R\u00e8glement g\u00e9n\u00e9ral sur la protection des donn\u00e9es \u00bb ou \u00ab RGPD \u00bb), et \u00e0 d\u2019autres lois et r\u00e8glements applicables \u00e0 la protection des donn\u00e9es dans l\u2019Union europ\u00e9enne. <\/p>\n<h2>But<\/h2>\n<p>Le pr\u00e9sent RGPD a pour objet d\u2019\u00e9tablir les r\u00e8gles de collecte, de traitement et de protection des donn\u00e9es personnelles des clients qui interagissent avec le site internet de la Marque.<\/p>\n<h3>Responsable du traitement des donn\u00e9es<\/h3>\n<p>La Marque est l\u2019entit\u00e9 responsable du traitement des donn\u00e9es personnelles des clients collect\u00e9es par le biais du site web.<\/p>\n<h3>Donn\u00e9es personnelles collect\u00e9es<\/h3>\n<p>La Marque collecte les donn\u00e9es personnelles suivantes aupr\u00e8s des clients :<\/p>\n<ul>\n<li>Nom complet<\/li>\n<li>Domicile<\/li>\n<li>Adresse courriel<\/li>\n<li>Num\u00e9ro de t\u00e9l\u00e9phone<\/li>\n<li>Autres donn\u00e9es fournies par le client lors de l\u2019interaction avec le site web de la Marque<\/li>\n<\/ul>\n<h3>Finalit\u00e9s du traitement des donn\u00e9es<\/h3>\n<p>Les donn\u00e9es personnelles des clients sont trait\u00e9es pour les finalit\u00e9s suivantes :<\/p>\n<ul>\n<li>Gestion des clients et prestation de services<\/li>\n<li>Marketing et communication<\/li>\n<li>Gestion comptable, fiscale et administrative<\/li>\n<li>Gestion des litiges<\/li>\n<li>Gestion des r\u00e9seaux et des syst\u00e8mes<\/li>\n<li>Assurer la s\u00e9curit\u00e9 de l\u2019information<\/li>\n<li>Respect des obligations l\u00e9gales<\/li>\n<li>Base juridique du traitement des donn\u00e9es<\/li>\n<\/ul>\n<p>Le traitement des donn\u00e9es personnelles des clients est bas\u00e9 sur :<\/p>\n<ul>\n<li>Consentement du client : Le client peut consentir au traitement de ses donn\u00e9es personnelles aux fins mentionn\u00e9es ci-dessus. Le consentement peut \u00eatre retir\u00e9 \u00e0 tout moment. <\/li>\n<li>Ex\u00e9cution d\u2019un contrat : Le traitement de donn\u00e9es \u00e0 caract\u00e8re personnel peut \u00eatre n\u00e9cessaire \u00e0 l\u2019ex\u00e9cution d\u2019un contrat conclu entre la Marque et le client.<\/li>\n<li>Respect des obligations l\u00e9gales : La Marque peut \u00eatre amen\u00e9e \u00e0 traiter les donn\u00e9es personnelles des clients pour se conformer aux obligations l\u00e9gales.<\/li>\n<\/ul>\n<h3>Droits des personnes concern\u00e9es<\/h3>\n<p>Les clients disposent des droits suivants en ce qui concerne leurs donn\u00e9es personnelles :<\/p>\n<ul>\n<li>Droit d\u2019acc\u00e8s : Le client a le droit d\u2019obtenir l\u2019acc\u00e8s \u00e0 ses donn\u00e9es personnelles et des informations sur le traitement de ses donn\u00e9es personnelles.<\/li>\n<li>Droit de rectification : Le client a le droit de demander la rectification de ses donn\u00e9es personnelles si elles sont incorrectes ou incompl\u00e8tes.<\/li>\n<li>Droit \u00e0 l\u2019effacement : Vous avez le droit de demander l\u2019effacement de vos donn\u00e9es personnelles, \u00e0 condition qu\u2019il n\u2019y ait pas de motif l\u00e9gitime pour leur stockage.<\/li>\n<li>Droit d\u2019opposition : Vous avez le droit de vous opposer au traitement de vos donn\u00e9es personnelles \u00e0 certaines fins, telles que le marketing direct.<\/li>\n<li>Droit \u00e0 la portabilit\u00e9 des donn\u00e9es : Le client a le droit de recevoir ses donn\u00e9es personnelles dans un format structur\u00e9, couramment utilis\u00e9 et lisible par machine et de les transmettre \u00e0 un autre responsable du traitement.<\/li>\n<li>Droit \u00e0 la limitation du traitement : Vous avez le droit de demander la limitation du traitement de vos donn\u00e9es personnelles dans certaines circonstances.<\/li>\n<\/ul>\n<h3>Conservation des donn\u00e9es<\/h3>\n<p>La Marque conservera les donn\u00e9es personnelles des clients pendant la p\u00e9riode n\u00e9cessaire \u00e0 la r\u00e9alisation des finalit\u00e9s pour lesquelles elles ont \u00e9t\u00e9 collect\u00e9es, ou pendant la p\u00e9riode requise par la loi.<\/p>\n<h3>S\u00e9curit\u00e9 des donn\u00e9es<\/h3>\n<p>La Marque met en \u0153uvre des mesures techniques et organisationnelles appropri\u00e9es pour assurer la s\u00e9curit\u00e9 des donn\u00e9es personnelles des clients, y compris la protection contre l\u2019acc\u00e8s non autoris\u00e9, la divulgation, l\u2019alt\u00e9ration ou la destruction des donn\u00e9es.<\/p>\n<h3>Transfert de donn\u00e9es<\/h3>\n<p>La Marque ne transf\u00e8re pas les donn\u00e9es personnelles des clients vers des pays tiers.<\/p>\n<h3>Sous-traitants<\/h3>\n<p>La Marque peut faire appel \u00e0 des sous-traitants pour le traitement des donn\u00e9es personnelles, mais veille \u00e0 ce que ces sous-traitants mettent en \u0153uvre des mesures de s\u00e9curit\u00e9 et de protection des donn\u00e9es appropri\u00e9es.<\/p>\n<h3>Modifications au R\u00e8glement<\/h3>\n<p>Le pr\u00e9sent RGPD fait l\u2019objet de r\u00e9visions p\u00e9riodiques afin de garantir la conformit\u00e9 avec les lois et r\u00e9glementations applicables. Les modifications seront communiqu\u00e9es aux clients par le biais du site Web de la marque. <\/p>\n<h3>Contact<\/h3>\n<p>Pour toute question relative au traitement de ses donn\u00e9es personnelles, le client peut contacter la Marque \u00e0 l\u2019adresse e-mail suivante : <strong>geral@prime-clean.com<\/strong><\/p>\n<h3>Dispositions finales<\/h3>\n<p>En utilisant le site web de la marque, vous acceptez les termes et conditions du pr\u00e9sent RGPD. Ce RGPD est consultable sur le site internet de la Marque.[\/vc_column_text][\/vc_column][\/vc_row][vc_row themestek_textcolor=\u00a0\u00bbwhite\u00a0\u00bb full_width=\u00a0\u00bbstretch_row\u00a0\u00bb equal_height=\u00a0\u00bbyes\u00a0\u00bb css=\u00a0\u00bb.vc_custom_1559811245484{padding-top: 120px !important;padding-bottom: 100px !important;background-image: url(https:\/\/cleaninco-demo.pbminfotech.com\/wp-content\/uploads\/2019\/04\/bg-img.png?id=9388) !important;background-position: center !important;background-repeat: no-repeat !important;background-size: cover !important;}\u00a0\u00bb][vc_column]<h4 style=\"text-align:center;font-size:22px;line-height:28px;color:#ffffff;\" class=\"themestek-custom-heading \" >Vous avez des questions que vous aimeriez \u00e9claircir ?<\/h4>\n<h2 style=\"text-align:center;font-size:50px;line-height:60px;color:#ffffff;\" class=\"themestek-custom-heading \" >+(351) 210 015 275<\/h2>\n<h4 style=\"text-align:center;font-size:18px;line-height:28px;color:#ffffff;\" class=\"themestek-custom-heading \" >Appel vers le poste fixe national<\/h4>\n[\/vc_column][\/vc_row][vc_row full_width=\u00a0\u00bbstretch_row\u00a0\u00bb css=\u00a0\u00bb.vc_custom_1556100212925{background-color: #f4fbfd !important;}\u00a0\u00bb][vc_column]<div class=\"themestek-element-heading-wrapper themestek-heading-inner themestek-element-align-center themestek-seperator-none \"><section class=\"themestek-vc_cta3-container\"><div class=\"themestek-vc_general themestek-vc_cta3 themestek-cta3-only themestek-vc_cta3-style-classic themestek-vc_cta3-shape-rounded themestek-vc_cta3-align-center themestek-vc_cta3-color-transparent themestek-vc_cta3-icon-size-md themestek-vc_cta3-actions-no themestek-cta3-without-desc\"><div class=\"themestek-vc_cta3_content-container\"><div class=\"themestek-vc_cta3-content\"><div class=\"themestek-vc_cta3-content-header themestek-wrap\"><div class=\"themestek-vc_cta3-headers themestek-wrap-cell\"><h4 class=\"themestek-custom-heading \" >DICAS, NOTICIAS E ARTIGOS<\/h4>\n<h2 class=\"themestek-custom-heading \" >Dicas, noticias e artigos da nossa empresa de limpezas<\/h2>\n<\/div><\/div><\/div><\/div><\/div><\/section><\/div> <!-- .themestek-element-heading-wrapper container --> [vc_row_inner][vc_column_inner offset=\u00a0\u00bbvc_col-lg-6 vc_col-md-12&Prime;]<div class=\"themestek-boxes themestek-boxes-blog themestek-boxes-view-default themestek-boxes-col-one themestek-boxes-sortable-no themestek-boxes-textalign-center themestek-boxes-sortablebutton-\">\r\n\t\t<div class=\"themestek-boxes-inner themestek-boxes-blog-inner \">\r\n\t\t\t\r\n\t\t\t<div class=\"row multi-columns-row themestek-boxes-row-wrapper\">\r\n\t\t\t\t<div class=\"themestek-box-col-wrapper col-lg-12 col-sm-12 col-md-12 col-xs-12 ts-term-57 ts-term-98\"><article class=\"themestek-box themestek-box-blog themestek-blogbox-style-3 themestek-blogbox-format- \">\r\n\t<div class=\"post-item\">\r\n\t\t<div class=\"themestek-blog-image-with-meta\">\r\n\t\t\t<div class=\"themestek-featured-wrapper themestek-post-featured-wrapper themestek-post-format-\"><img loading=\"lazy\" decoding=\"async\" width=\"800\" height=\"532\" src=\"https:\/\/www.prime-clean.com\/wp-content\/uploads\/2026\/03\/limpezas-domesticas-guimaraes-800x533.png\" class=\"attachment-themestek-img-800x533 size-themestek-img-800x533 wp-post-image\" alt=\"Nettoyage professionnel avec du personnel qualifi\u00e9 et du mat\u00e9riel moderne \u00e0 Guimar\u00e3es. Services de nettoyage r\u00e9sidentiel, commercial et industriel avec une garantie de qualit\u00e9 et d\u2019efficacit\u00e9.\" \/><\/div>\t\t\t<div class=\"themestek-meta-date\"> 26<span>Mar<\/span><\/div>\r\n\t\t<\/div>\r\n\t\t<div class=\"themestek-box-content\">\r\n\t\t\t<div class=\"themestek-entry-meta-wrapper\"><div class=\"entry-meta themestek-entry-meta themestek-entry-meta-blogclassic\"><span class=\"themestek-meta-line byline\">  <span class=\"author vcard\"><span class=\"screen-reader-text themestek-hide\">Author <\/span>Par <a class=\"url fn n\" href=\"https:\/\/www.prime-clean.com\/fr\/author\/jorge\/\">Miguel<\/a><\/span><\/span><span class=\"themestek-meta-line comments-link\"> <a href=\"https:\/\/www.prime-clean.com\/fr\/prime-clean-guimaraes-entreprise-de-nettoyage\/#respond\">Commentaire<\/a><\/span><span class=\"themestek-meta-line cat-links\"> <span class=\"screen-reader-text themestek-hide\">Categories <\/span><a href=\"https:\/\/www.prime-clean.com\/fr\/categorie\/entreprises-de-premier-ordre\/\" rel=\"category tag\">Entreprises de premier ordre<\/a>, <a href=\"https:\/\/www.prime-clean.com\/fr\/categorie\/nouvelles\/\" rel=\"category tag\">Nouvelles<\/a><\/span><\/div><\/div>\t\t\t<div class=\"themestek-box-title\"><h4><a href=\"https:\/\/www.prime-clean.com\/fr\/prime-clean-guimaraes-entreprise-de-nettoyage\/\">Prime Clean Guimar\u00e3es entreprise de nettoyage<\/a><\/h4><\/div>\t\t\t<div class=\"ts-blogbox-readmore\">\r\n\t\t\t\t\t\t\t\t<\/div>\r\n\t\t<\/div>\r\n\t<\/div>\r\n<\/article>\r\n<\/div>\r\n\t\t\t<\/div>\r\n\t\t<\/div><!-- .themestek-boxes-inner -->   <\/div><!-- .themestek-boxes -->  [\/vc_column_inner][vc_column_inner offset=\u00a0\u00bbvc_col-lg-6 vc_col-md-12&Prime;]<div class=\"themestek-boxes themestek-boxes-blog themestek-boxes-view-default themestek-boxes-col-one themestek-boxes-sortable-no themestek-boxes-textalign-center themestek-boxes-sortablebutton-\">\r\n\t\t<div class=\"themestek-boxes-inner themestek-boxes-blog-inner \">\r\n\t\t\t\r\n\t\t\t<div class=\"row multi-columns-row themestek-boxes-row-wrapper\">\r\n\t\t\t\t<div class=\"themestek-box-col-wrapper col-lg-12 col-sm-12 col-md-12 col-xs-12 ts-term-89\"><article class=\"themestek-box themestek-box-blog themestek-blogbox-style-2 themestek-blogbox-format-  themestek-blog-box-lr\">\r\n\t<div class=\"post-item clearfix\">\r\n        <div class=\"col-md-4 col-sm-4 themestek-box-img-right\">\r\n\t\t\t<div class=\"themestek-featured-wrapper themestek-post-featured-wrapper themestek-post-format-\"><img loading=\"lazy\" decoding=\"async\" width=\"800\" height=\"650\" src=\"https:\/\/www.prime-clean.com\/wp-content\/uploads\/2019\/03\/img-02-800x650.jpg\" class=\"attachment-themestek-img-800x650 size-themestek-img-800x650 wp-post-image\" alt=\"\" \/><\/div>\t\t<\/div>\r\n        <div class=\"themestek-box-content col-md-8 col-sm-8\">\r\n\t\t\t<div class=\"themestek-box-content-inner\">\r\n\r\n\t\t\t\t<div class=\"themestek-entry-meta-wrapper\"><div class=\"entry-meta themestek-entry-meta themestek-entry-meta-blogclassic\"><span class=\"themestek-meta-line byline\">  <span class=\"author vcard\"><span class=\"screen-reader-text themestek-hide\">Author <\/span>Par <a class=\"url fn n\" href=\"https:\/\/www.prime-clean.com\/fr\/author\/jorge\/\">Miguel<\/a><\/span><\/span><span class=\"themestek-meta-line comments-link\"> <a href=\"https:\/\/www.prime-clean.com\/fr\/pourquoi-faire-appel-a-une-entreprise-de-nettoyage-pour-votre-entreprise\/#respond\">Commentaire<\/a><\/span><span class=\"themestek-meta-line cat-links\"> <span class=\"screen-reader-text themestek-hide\">Categories <\/span><a href=\"https:\/\/www.prime-clean.com\/fr\/categorie\/conseils-de-nettoyage\/\" rel=\"category tag\">Conseils de Nettoyage<\/a><\/span><\/div><\/div>\t\t\t\t<div class=\"themestek-box-title\"><h4><a href=\"https:\/\/www.prime-clean.com\/fr\/pourquoi-faire-appel-a-une-entreprise-de-nettoyage-pour-votre-entreprise\/\">Pourquoi faire appel \u00e0 une entreprise de nettoyage pour votre entreprise ?<\/a><\/h4><\/div>\t\t\t\t<div class=\"ts-blogbox-readmore\">\r\n\t\t\t\t\t\t\t\t\t<\/div>\r\n            <\/div>\r\n        <\/div>\r\n\t<\/div>\r\n<\/article>\r\n<\/div><div class=\"themestek-box-col-wrapper col-lg-12 col-sm-12 col-md-12 col-xs-12 ts-term-40\"><article class=\"themestek-box themestek-box-blog themestek-blogbox-style-2 themestek-blogbox-format-  themestek-blog-box-lr\">\r\n\t<div class=\"post-item clearfix\">\r\n        <div class=\"col-md-4 col-sm-4 themestek-box-img-right\">\r\n\t\t\t<div class=\"themestek-featured-wrapper themestek-post-featured-wrapper themestek-post-format-\"><img loading=\"lazy\" decoding=\"async\" width=\"800\" height=\"650\" src=\"https:\/\/www.prime-clean.com\/wp-content\/uploads\/2019\/06\/img-01-800x650.jpg\" class=\"attachment-themestek-img-800x650 size-themestek-img-800x650 wp-post-image\" alt=\"\" \/><\/div>\t\t<\/div>\r\n        <div class=\"themestek-box-content col-md-8 col-sm-8\">\r\n\t\t\t<div class=\"themestek-box-content-inner\">\r\n\r\n\t\t\t\t<div class=\"themestek-entry-meta-wrapper\"><div class=\"entry-meta themestek-entry-meta themestek-entry-meta-blogclassic\"><span class=\"themestek-meta-line byline\">  <span class=\"author vcard\"><span class=\"screen-reader-text themestek-hide\">Author <\/span>Par <a class=\"url fn n\" href=\"https:\/\/www.prime-clean.com\/fr\/author\/jorge\/\">Miguel<\/a><\/span><\/span><span class=\"themestek-meta-line comments-link\"> <a href=\"https:\/\/www.prime-clean.com\/fr\/cinq-conseils-de-nettoyage-pour-votre-maison\/#respond\">Commentaire<\/a><\/span><span class=\"themestek-meta-line cat-links\"> <span class=\"screen-reader-text themestek-hide\">Categories <\/span><a href=\"https:\/\/www.prime-clean.com\/fr\/categorie\/non-classifiee\/\" rel=\"category tag\">Non classifi\u00e9(e)<\/a><\/span><\/div><\/div>\t\t\t\t<div class=\"themestek-box-title\"><h4><a href=\"https:\/\/www.prime-clean.com\/fr\/cinq-conseils-de-nettoyage-pour-votre-maison\/\">Cinq conseils de nettoyage pour votre maison<\/a><\/h4><\/div>\t\t\t\t<div class=\"ts-blogbox-readmore\">\r\n\t\t\t\t\t\t\t\t\t<\/div>\r\n            <\/div>\r\n        <\/div>\r\n\t<\/div>\r\n<\/article>\r\n<\/div><div class=\"themestek-box-col-wrapper col-lg-12 col-sm-12 col-md-12 col-xs-12 ts-term-57\"><article class=\"themestek-box themestek-box-blog themestek-blogbox-style-2 themestek-blogbox-format-chat  themestek-blog-box-lr\">\r\n\t<div class=\"post-item clearfix\">\r\n        <div class=\"col-md-4 col-sm-4 themestek-box-img-right\">\r\n\t\t\t<div class=\"themestek-featured-wrapper themestek-post-featured-wrapper themestek-post-format-chat\"><img loading=\"lazy\" decoding=\"async\" width=\"800\" height=\"650\" src=\"https:\/\/www.prime-clean.com\/wp-content\/uploads\/2018\/08\/empresa-limpezas-braga-800x650.jpg\" class=\"attachment-themestek-img-800x650 size-themestek-img-800x650 wp-post-image\" alt=\"\" \/><\/div>\t\t<\/div>\r\n        <div class=\"themestek-box-content col-md-8 col-sm-8\">\r\n\t\t\t<div class=\"themestek-box-content-inner\">\r\n\r\n\t\t\t\t<div class=\"themestek-entry-meta-wrapper\"><div class=\"entry-meta themestek-entry-meta themestek-entry-meta-blogclassic\"><span class=\"themestek-meta-line byline\">  <span class=\"author vcard\"><span class=\"screen-reader-text themestek-hide\">Author <\/span>Par <a class=\"url fn n\" href=\"https:\/\/www.prime-clean.com\/fr\/author\/jorge\/\">Miguel<\/a><\/span><\/span><span class=\"themestek-meta-line comments-link\"> <a href=\"https:\/\/www.prime-clean.com\/fr\/nouvelle-entreprise-de-nettoyage-prime-clean-braga\/#respond\">Commentaire<\/a><\/span><span class=\"themestek-meta-line cat-links\"> <span class=\"screen-reader-text themestek-hide\">Categories <\/span><a href=\"https:\/\/www.prime-clean.com\/fr\/categorie\/entreprises-de-premier-ordre\/\" rel=\"category tag\">Entreprises de premier ordre<\/a><\/span><\/div><\/div>\t\t\t\t<div class=\"themestek-box-title\"><h4><a href=\"https:\/\/www.prime-clean.com\/fr\/nouvelle-entreprise-de-nettoyage-prime-clean-braga\/\">Nouvelle entreprise de nettoyage Prime Clean &#8211; Braga<\/a><\/h4><\/div>\t\t\t\t<div class=\"ts-blogbox-readmore\">\r\n\t\t\t\t\t\t\t\t\t<\/div>\r\n            <\/div>\r\n        <\/div>\r\n\t<\/div>\r\n<\/article>\r\n<\/div>\r\n\t\t\t<\/div>\r\n\t\t<\/div><!-- .themestek-boxes-inner -->   <\/div><!-- .themestek-boxes -->  [\/vc_column_inner][\/vc_row_inner][\/vc_column][\/vc_row]<\/p>\n<\/div>","protected":false},"excerpt":{"rendered":"<p>[vc_row][vc_column][\/vc_column][\/vc_row][vc_row css=\u00a0\u00bb.vc_custom_1715366396394{margin-top: -250px !important;}\u00a0\u00bb][vc_column][vc_column_text] R\u00e8glement g\u00e9n\u00e9ral sur la protection des donn\u00e9es Introduction Le pr\u00e9sent R\u00e8glement g\u00e9n\u00e9ral sur la protection des donn\u00e9es (\u00ab RGPD \u00bb) est \u00e9tabli par Prime Clean (\u00ab Marque \u00bb), dont le si\u00e8ge social est situ\u00e9 au Parque das Na\u00e7\u00f5es Edif\u00edcio Infante Av. D. Jo\u00e3o II, n\u00ba 35, Piso 11\u00ba 1990-083 Lisboa, ci-apr\u00e8s &hellip; <a href=\"https:\/\/www.prime-clean.com\/fr\/nouvelle-entreprise-de-nettoyage-prime-clean-braga\/\" class=\"more-link\">Continue reading <span class=\"screen-reader-text\">Nouvelle entreprise de nettoyage Prime Clean &#8211; Braga<\/span><\/a><\/p>\n","protected":false},"author":1,"featured_media":0,"parent":0,"menu_order":6,"comment_status":"closed","ping_status":"closed","template":"","meta":{"footnotes":""},"class_list":["post-16157","page","type-page","status-publish","hentry"],"yoast_head":"<!-- This site is optimized with the Yoast SEO Premium plugin v26.9 (Yoast SEO v26.9) - https:\/\/yoast.com\/product\/yoast-seo-premium-wordpress\/ -->\n<title>RGPD - Prime Clean - Entreprise de nettoyage Prime Clean<\/title>\n<meta name=\"robots\" content=\"index, follow, max-snippet:-1, max-image-preview:large, max-video-preview:-1\" \/>\n<link rel=\"canonical\" href=\"https:\/\/www.prime-clean.com\/fr\/rgpd-prime-clean\/\" \/>\n<meta property=\"og:locale\" content=\"fr_FR\" \/>\n<meta property=\"og:type\" content=\"article\" \/>\n<meta property=\"og:title\" content=\"RGPD - Prime Clean\" \/>\n<meta property=\"og:description\" content=\"[vc_row][vc_column][\/vc_column][\/vc_row][vc_row css=\u00a0\u00bb.vc_custom_1715366396394{margin-top: -250px !important;}\u00a0\u00bb][vc_column][vc_column_text] R\u00e8glement g\u00e9n\u00e9ral sur la protection des donn\u00e9es Introduction Le pr\u00e9sent R\u00e8glement g\u00e9n\u00e9ral sur la protection des donn\u00e9es (\u00ab RGPD \u00bb) est \u00e9tabli par Prime Clean (\u00ab Marque \u00bb), dont le si\u00e8ge social est situ\u00e9 au Parque das Na\u00e7\u00f5es Edif\u00edcio Infante Av. D. Jo\u00e3o II, n\u00ba 35, Piso 11\u00ba 1990-083 Lisboa, ci-apr\u00e8s &hellip; Continue reading Nouvelle entreprise de nettoyage Prime Clean &#8211; Braga\" \/>\n<meta property=\"og:url\" content=\"https:\/\/www.prime-clean.com\/fr\/rgpd-prime-clean\/\" \/>\n<meta property=\"og:site_name\" content=\"Entreprise de nettoyage Prime Clean\" \/>\n<meta property=\"article:publisher\" content=\"https:\/\/www.facebook.com\/FranchisingLimpezasPrimeClean\/\" \/>\n<meta property=\"article:modified_time\" content=\"2024-12-29T16:19:21+00:00\" \/>\n<meta property=\"og:image\" content=\"https:\/\/www.prime-clean.com\/wp-content\/uploads\/2025\/01\/Ja-conhece.jpg\" \/>\n\t<meta property=\"og:image:width\" content=\"1200\" \/>\n\t<meta property=\"og:image:height\" content=\"675\" \/>\n\t<meta property=\"og:image:type\" content=\"image\/jpeg\" \/>\n<meta name=\"twitter:card\" content=\"summary_large_image\" \/>\n<meta name=\"twitter:site\" content=\"@primecleangroup\" \/>\n<meta name=\"twitter:label1\" content=\"Dur\u00e9e de lecture estim\u00e9e\" \/>\n\t<meta name=\"twitter:data1\" content=\"5 minutes\" \/>\n<script type=\"application\/ld+json\" class=\"yoast-schema-graph\">{\"@context\":\"https:\/\/schema.org\",\"@graph\":[{\"@type\":\"WebPage\",\"@id\":\"https:\/\/www.prime-clean.com\/fr\/rgpd-prime-clean\/\",\"url\":\"https:\/\/www.prime-clean.com\/fr\/rgpd-prime-clean\/\",\"name\":\"RGPD - Prime Clean - Entreprise de nettoyage Prime Clean\",\"isPartOf\":{\"@id\":\"https:\/\/www.prime-clean.com\/fr\/#website\"},\"datePublished\":\"2024-05-12T08:56:52+00:00\",\"dateModified\":\"2024-12-29T16:19:21+00:00\",\"breadcrumb\":{\"@id\":\"https:\/\/www.prime-clean.com\/fr\/rgpd-prime-clean\/#breadcrumb\"},\"inLanguage\":\"fr-FR\",\"potentialAction\":[{\"@type\":\"ReadAction\",\"target\":[\"https:\/\/www.prime-clean.com\/fr\/rgpd-prime-clean\/\"]}]},{\"@type\":\"BreadcrumbList\",\"@id\":\"https:\/\/www.prime-clean.com\/fr\/rgpd-prime-clean\/#breadcrumb\",\"itemListElement\":[{\"@type\":\"ListItem\",\"position\":1,\"name\":\"In\u00edcio\",\"item\":\"https:\/\/www.prime-clean.com\/fr\/\"},{\"@type\":\"ListItem\",\"position\":2,\"name\":\"RGPD &#8211; Prime Clean\"}]},{\"@type\":\"WebSite\",\"@id\":\"https:\/\/www.prime-clean.com\/fr\/#website\",\"url\":\"https:\/\/www.prime-clean.com\/fr\/\",\"name\":\"Empresa de limpezas Prime Clean\",\"description\":\"L'entreprise de nettoyage Prime Clean est la meilleure option en mati\u00e8re de services de nettoyage domestique et commercial.\",\"alternateName\":\"Empresa de limpezas\",\"potentialAction\":[{\"@type\":\"SearchAction\",\"target\":{\"@type\":\"EntryPoint\",\"urlTemplate\":\"https:\/\/www.prime-clean.com\/fr\/?s={search_term_string}\"},\"query-input\":{\"@type\":\"PropertyValueSpecification\",\"valueRequired\":true,\"valueName\":\"search_term_string\"}}],\"inLanguage\":\"fr-FR\"}]}<\/script>\n<!-- \/ Yoast SEO Premium plugin. -->","yoast_head_json":{"title":"RGPD - Prime Clean - Entreprise de nettoyage Prime Clean","robots":{"index":"index","follow":"follow","max-snippet":"max-snippet:-1","max-image-preview":"max-image-preview:large","max-video-preview":"max-video-preview:-1"},"canonical":"https:\/\/www.prime-clean.com\/fr\/rgpd-prime-clean\/","og_locale":"fr_FR","og_type":"article","og_title":"RGPD - Prime Clean","og_description":"[vc_row][vc_column][\/vc_column][\/vc_row][vc_row css=\u00a0\u00bb.vc_custom_1715366396394{margin-top: -250px !important;}\u00a0\u00bb][vc_column][vc_column_text] R\u00e8glement g\u00e9n\u00e9ral sur la protection des donn\u00e9es Introduction Le pr\u00e9sent R\u00e8glement g\u00e9n\u00e9ral sur la protection des donn\u00e9es (\u00ab RGPD \u00bb) est \u00e9tabli par Prime Clean (\u00ab Marque \u00bb), dont le si\u00e8ge social est situ\u00e9 au Parque das Na\u00e7\u00f5es Edif\u00edcio Infante Av. D. Jo\u00e3o II, n\u00ba 35, Piso 11\u00ba 1990-083 Lisboa, ci-apr\u00e8s &hellip; Continue reading Nouvelle entreprise de nettoyage Prime Clean &#8211; Braga","og_url":"https:\/\/www.prime-clean.com\/fr\/rgpd-prime-clean\/","og_site_name":"Entreprise de nettoyage Prime Clean","article_publisher":"https:\/\/www.facebook.com\/FranchisingLimpezasPrimeClean\/","article_modified_time":"2024-12-29T16:19:21+00:00","og_image":[{"width":1200,"height":675,"url":"https:\/\/www.prime-clean.com\/wp-content\/uploads\/2025\/01\/Ja-conhece.jpg","type":"image\/jpeg"}],"twitter_card":"summary_large_image","twitter_site":"@primecleangroup","twitter_misc":{"Dur\u00e9e de lecture estim\u00e9e":"5 minutes"},"schema":{"@context":"https:\/\/schema.org","@graph":[{"@type":"WebPage","@id":"https:\/\/www.prime-clean.com\/fr\/rgpd-prime-clean\/","url":"https:\/\/www.prime-clean.com\/fr\/rgpd-prime-clean\/","name":"RGPD - Prime Clean - Entreprise de nettoyage Prime Clean","isPartOf":{"@id":"https:\/\/www.prime-clean.com\/fr\/#website"},"datePublished":"2024-05-12T08:56:52+00:00","dateModified":"2024-12-29T16:19:21+00:00","breadcrumb":{"@id":"https:\/\/www.prime-clean.com\/fr\/rgpd-prime-clean\/#breadcrumb"},"inLanguage":"fr-FR","potentialAction":[{"@type":"ReadAction","target":["https:\/\/www.prime-clean.com\/fr\/rgpd-prime-clean\/"]}]},{"@type":"BreadcrumbList","@id":"https:\/\/www.prime-clean.com\/fr\/rgpd-prime-clean\/#breadcrumb","itemListElement":[{"@type":"ListItem","position":1,"name":"In\u00edcio","item":"https:\/\/www.prime-clean.com\/fr\/"},{"@type":"ListItem","position":2,"name":"RGPD &#8211; Prime Clean"}]},{"@type":"WebSite","@id":"https:\/\/www.prime-clean.com\/fr\/#website","url":"https:\/\/www.prime-clean.com\/fr\/","name":"Empresa de limpezas Prime Clean","description":"L'entreprise de nettoyage Prime Clean est la meilleure option en mati\u00e8re de services de nettoyage domestique et commercial.","alternateName":"Empresa de limpezas","potentialAction":[{"@type":"SearchAction","target":{"@type":"EntryPoint","urlTemplate":"https:\/\/www.prime-clean.com\/fr\/?s={search_term_string}"},"query-input":{"@type":"PropertyValueSpecification","valueRequired":true,"valueName":"search_term_string"}}],"inLanguage":"fr-FR"}]}},"_links":{"self":[{"href":"https:\/\/www.prime-clean.com\/fr\/wp-json\/wp\/v2\/pages\/16157","targetHints":{"allow":["GET"]}}],"collection":[{"href":"https:\/\/www.prime-clean.com\/fr\/wp-json\/wp\/v2\/pages"}],"about":[{"href":"https:\/\/www.prime-clean.com\/fr\/wp-json\/wp\/v2\/types\/page"}],"author":[{"embeddable":true,"href":"https:\/\/www.prime-clean.com\/fr\/wp-json\/wp\/v2\/users\/1"}],"replies":[{"embeddable":true,"href":"https:\/\/www.prime-clean.com\/fr\/wp-json\/wp\/v2\/comments?post=16157"}],"version-history":[{"count":1,"href":"https:\/\/www.prime-clean.com\/fr\/wp-json\/wp\/v2\/pages\/16157\/revisions"}],"predecessor-version":[{"id":16163,"href":"https:\/\/www.prime-clean.com\/fr\/wp-json\/wp\/v2\/pages\/16157\/revisions\/16163"}],"wp:attachment":[{"href":"https:\/\/www.prime-clean.com\/fr\/wp-json\/wp\/v2\/media?parent=16157"}],"curies":[{"name":"wp","href":"https:\/\/api.w.org\/{rel}","templated":true}]}}