{"id":13304,"date":"2024-12-18T18:33:12","date_gmt":"2024-12-18T18:33:12","guid":{"rendered":"https:\/\/www.prime-clean.com\/entreprise-de-nettoyage-torres-vedras\/"},"modified":"2024-12-26T00:41:04","modified_gmt":"2024-12-26T00:41:04","slug":"entreprise-de-nettoyage-torres-vedras","status":"publish","type":"page","link":"https:\/\/www.prime-clean.com\/fr\/prime-clean-cleaning-companies-royaume-uni\/entreprise-de-nettoyage-torres-vedras\/","title":{"rendered":"Entreprise de nettoyage Torres Vedras"},"content":{"rendered":"<div class=\"wpb-content-wrapper\"><p>[vc_row][vc_column width=\u00a0\u00bb2\/3&Prime;][vc_row_inner][vc_column_inner width=\u00a0\u00bb1\/2&Prime;][vc_single_image image=\u00a0\u00bb12496&Prime; img_size=\u00a0\u00bbfull\u00a0\u00bb alignment=\u00a0\u00bbcenter\u00a0\u00bb css=\u00a0\u00bb\u00a0\u00bb][\/vc_column_inner][vc_column_inner width=\u00a0\u00bb1\/2&Prime;][vc_column_text css=\u00a0\u00bb\u00a0\u00bb]<strong>Pedro Santos &#8211; Directeur \u00e0 Torres Vedras<\/strong><\/p>\n<p><em>J&rsquo;ai toujours voulu avoir ma propre entreprise et lorsque j&rsquo;ai d\u00e9couvert Prime Clean, j&rsquo;ai vu l&rsquo;occasion parfaite de repr\u00e9senter une marque respect\u00e9e dans le secteur du nettoyage. Dans la r\u00e9gion de Torres Vedras, sous ma direction, Pedro Santos, nous garantissons un service d&rsquo;excellence et une \u00e9quipe de professionnels pr\u00eats \u00e0 r\u00e9pondre \u00e0 tous vos besoins. Faites-nous confiance pour un environnement propre et ordonn\u00e9.<\/em>[\/vc_column_text][\/vc_column_inner][\/vc_row_inner]<div class=\"themestek-element-heading-wrapper themestek-heading-inner themestek-element-align-left themestek-seperator-none \"><section class=\"themestek-vc_cta3-container\"><div class=\"themestek-vc_general themestek-vc_cta3 themestek-cta3-only themestek-vc_cta3-style-classic themestek-vc_cta3-shape-rounded themestek-vc_cta3-align-left themestek-vc_cta3-color-transparent themestek-vc_cta3-icon-size-md themestek-vc_cta3-actions-no themestek-cta3-with-desc\"><div class=\"themestek-vc_cta3_content-container\"><div class=\"themestek-vc_cta3-content\"><div class=\"themestek-vc_cta3-content-header themestek-wrap\"><div class=\"themestek-vc_cta3-headers themestek-wrap-cell\"><h4 class=\"themestek-custom-heading \" >Prime Clean Torres Vedras: A sua empresa de limpezas de confian\u00e7a<\/h4>\n<h2 class=\"themestek-custom-heading \" >Empresa de limpezas Prime Clean - Torres Vedras<\/h2>\n<\/div><\/div><div class=\"themestek-cta3-content-wrapper\">\n<h3>A Prime Clean Torres Vedras: Limpeza Profissional para um Lar ou Neg\u00f3cio Impec\u00e1vel<\/h3>\n<p>Em busca de uma limpeza impec\u00e1vel em Torres Vedras? A Prime Clean oferece servi\u00e7os profissionais de limpeza residencial e comercial, adaptados \u00e0s suas necessidades e or\u00e7amento. Com foco na excel\u00eancia e na satisfa\u00e7\u00e3o do cliente, garantimos ambientes limpos, saud\u00e1veis e organizados.<\/p>\n<h4><strong>Solu\u00e7\u00f5es de Limpeza Personalizadas em Torres Vedras:<\/strong><\/h4>\n<p>Esque\u00e7a a tarefa \u00e1rdua da limpeza! Nossos planos personalizados abrangem desde limpezas residenciais regulares (di\u00e1ria, semanal, quinzenal ou mensal) at\u00e9 servi\u00e7os especializados como limpeza p\u00f3s-obra e manuten\u00e7\u00e3o de condom\u00ednios. Para empresas, oferecemos solu\u00e7\u00f5es de limpeza de escrit\u00f3rios que contribuem para um ambiente de trabalho produtivo e agrad\u00e1vel.<\/p>\n<h4><strong>Por que escolher a Prime Clean Torres Vedras?<\/strong><\/h4>\n<ul>\n<li><strong>Experi\u00eancia Local:<\/strong>\u00a0Conhecemos a fundo as necessidades da nossa comunidade e oferecemos solu\u00e7\u00f5es eficazes e adaptadas \u00e0 realidade de Torres Vedras.<\/li>\n<li><strong>Equipas Qualificadas:<\/strong>\u00a0Nossos profissionais s\u00e3o treinados e experientes, garantindo um servi\u00e7o r\u00e1pido, eficiente e de alta qualidade.<\/li>\n<li><strong>Produtos Eco-Friendly:<\/strong>\u00a0Utilizamos produtos de limpeza ecol\u00f3gicos, seguros para a sua fam\u00edlia e para o meio ambiente.<\/li>\n<li><strong>Or\u00e7amento Personalizado e Sem Compromisso:<\/strong>\u00a0Contacte-nos para um or\u00e7amento gratuito e descubra como podemos ajudar.<\/li>\n<li><strong>Foco na Satisfa\u00e7\u00e3o do Cliente:<\/strong>\u00a0A sua satisfa\u00e7\u00e3o \u00e9 a nossa maior prioridade.<\/li>\n<\/ul>\n<h4><strong>Servi\u00e7os:<\/strong><\/h4>\n<ul>\n<li>Limpeza Residencial (di\u00e1ria, semanal, quinzenal, mensal)<\/li>\n<li>Limpeza P\u00f3s-Obra (resid\u00eancias e empresas)<\/li>\n<li>Limpeza de Escrit\u00f3rios<\/li>\n<li>Manuten\u00e7\u00e3o de Condom\u00ednios<\/li>\n<li>Limpeza de Fim de Contrato de Arrendamento<\/li>\n<\/ul>\n<p>Transforme o seu espa\u00e7o em Torres Vedras com a Prime Clean. Contacte-nos hoje mesmo e deixe que cuidemos da limpeza, para que voc\u00ea possa se dedicar ao que realmente importa! Ligue j\u00e1 ou solicite seu or\u00e7amento online. Escolha a Prime Clean, escolha a excel\u00eancia.<\/p><\/div><\/div><\/div><\/div><\/section><\/div> <!-- .themestek-element-heading-wrapper container --> [\/vc_column][vc_column width=\u00a0\u00bb1\/3&Prime;]<div class=\"themestek-element-heading-wrapper themestek-heading-inner themestek-element-align-left themestek-seperator-none  vc_custom_1734546313603\"><section class=\"themestek-vc_cta3-container\"><div class=\"themestek-vc_general themestek-vc_cta3 themestek-cta3-only themestek-vc_cta3-style-classic themestek-vc_cta3-shape-rounded themestek-vc_cta3-align-left themestek-vc_cta3-color-transparent themestek-vc_cta3-icon-size-md themestek-vc_cta3-actions-no themestek-cta3-with-desc\"><div class=\"themestek-vc_cta3_content-container\"><div class=\"themestek-vc_cta3-content\"><div class=\"themestek-vc_cta3-content-header themestek-wrap\"><div class=\"themestek-vc_cta3-headers themestek-wrap-cell\"><h2 style=\"font-size:14;color:#0089cf;\" class=\"themestek-custom-heading \" >Solicite um or\u00e7amento de limpezas gr\u00e1tis em Torres Vedras. A melhor empresa de limpezas perto de si!<\/h2>\n<\/div><\/div><div class=\"themestek-cta3-content-wrapper\"><p><strong>Limpeza impec\u00e1vel e acess\u00edvel em Torres Vedras.<\/strong> A Prime Clean oferece solu\u00e7\u00f5es personalizadas de limpeza para resid\u00eancias e empresas, adaptando-se a diferentes or\u00e7amentos. Nossa equipe experiente garante um servi\u00e7o de alta qualidade, deixando seu lar ou escrit\u00f3rio brilhando sem pesar no seu bolso.<strong> Experimente a diferen\u00e7a Prime Clean.<\/strong><\/p><\/div><\/div><\/div><\/div><\/section><\/div> <!-- .themestek-element-heading-wrapper container --> \n<div class=\"wpcf7 no-js\" id=\"wpcf7-f13598-o1\" lang=\"fr-FR\" dir=\"ltr\" data-wpcf7-id=\"13598\">\n<div class=\"screen-reader-response\"><p role=\"status\" aria-live=\"polite\" aria-atomic=\"true\"><\/p> <ul><\/ul><\/div>\n<form action=\"\/fr\/wp-json\/wp\/v2\/pages\/13304#wpcf7-f13598-o1\" method=\"post\" class=\"wpcf7-form init\" aria-label=\"Formulaire de contact\" novalidate=\"novalidate\" data-status=\"init\">\n<fieldset class=\"hidden-fields-container\"><input type=\"hidden\" name=\"_wpcf7\" value=\"13598\" \/><input type=\"hidden\" name=\"_wpcf7_version\" value=\"6.1.5\" \/><input type=\"hidden\" name=\"_wpcf7_locale\" value=\"fr_FR\" \/><input type=\"hidden\" name=\"_wpcf7_unit_tag\" value=\"wpcf7-f13598-o1\" \/><input type=\"hidden\" name=\"_wpcf7_container_post\" value=\"0\" \/><input type=\"hidden\" name=\"_wpcf7_posted_data_hash\" value=\"\" \/>\n<\/fieldset>\n<div class=\"main-form ts-order-form\">\n\t<div class=\"row\">\n\t\t<div class=\"col-md-6\">\n\t\t\t<div class=\"input-group\">\n\t\t\t\t<p><span class=\"wpcf7-form-control-wrap\" data-name=\"seu-nome\"><input size=\"40\" maxlength=\"400\" class=\"wpcf7-form-control wpcf7-text wpcf7-validates-as-required\" aria-required=\"true\" aria-invalid=\"false\" placeholder=\"Nom\" value=\"\" type=\"text\" name=\"seu-nome\" \/><\/span>\n\t\t\t\t<\/p>\n\t\t\t<\/div>\n\t\t<\/div>\n\t\t<div class=\"col-md-6\">\n\t\t\t<div class=\"input-group\">\n\t\t\t\t<p><span class=\"wpcf7-form-control-wrap\" data-name=\"seu-email\"><input size=\"40\" maxlength=\"400\" class=\"wpcf7-form-control wpcf7-text wpcf7-validates-as-required\" aria-required=\"true\" aria-invalid=\"false\" placeholder=\"Messagerie \u00e9lectronique\" value=\"\" type=\"text\" name=\"seu-email\" \/><\/span>\n\t\t\t\t<\/p>\n\t\t\t<\/div>\n\t\t<\/div>\n\t\t<div class=\"col-md-6\">\n\t\t\t<div class=\"input-group\">\n\t\t\t\t<p><span class=\"wpcf7-form-control-wrap\" data-name=\"seu-telefone\"><input size=\"40\" maxlength=\"400\" class=\"wpcf7-form-control wpcf7-text wpcf7-validates-as-required\" aria-required=\"true\" aria-invalid=\"false\" placeholder=\"T\u00e9l\u00e9phone\" value=\"\" type=\"text\" name=\"seu-telefone\" \/><\/span>\n\t\t\t\t<\/p>\n\t\t\t<\/div>\n\t\t<\/div>\n\t\t<div class=\"col-md-6\">\n\t\t\t<div class=\"input-group\">\n\t\t\t\t<p><span class=\"wpcf7-form-control-wrap\" data-name=\"seu-localidade\"><input size=\"40\" maxlength=\"400\" class=\"wpcf7-form-control wpcf7-text wpcf7-validates-as-required\" aria-required=\"true\" aria-invalid=\"false\" placeholder=\"Localit\u00e9\" value=\"\" type=\"text\" name=\"seu-localidade\" \/><\/span>\n\t\t\t\t<\/p>\n\t\t\t<\/div>\n\t\t<\/div>\n\t\t<div class=\"col-md-6\">\n\t\t\t<div class=\"input-group\">\n\t\t\t\t<p><span class=\"wpcf7-form-control-wrap\" data-name=\"seu-codigopostal\"><input size=\"40\" maxlength=\"400\" class=\"wpcf7-form-control wpcf7-text wpcf7-validates-as-required\" aria-required=\"true\" aria-invalid=\"false\" placeholder=\"0000-000\" value=\"\" type=\"text\" name=\"seu-codigopostal\" \/><\/span>\n\t\t\t\t<\/p>\n\t\t\t<\/div>\n\t\t<\/div>\n\t\t<div class=\"col-md-6\">\n\t\t\t<div class=\"input-group\">\n\t\t\t\t<p><span class=\"wpcf7-form-control-wrap\" data-name=\"tipolimpeza\"><select class=\"wpcf7-form-control wpcf7-select\" aria-invalid=\"false\" name=\"tipolimpeza\"><option value=\"-- Veuillez choisir le type de nettoyage --\">-- Veuillez choisir le type de nettoyage --<\/option><option value=\"Nettoyage domestique Nettoyage commercial\">Nettoyage domestique Nettoyage commercial<\/option><option value=\"Nettoyage de condominiums\">Nettoyage de condominiums<\/option><option value=\"Nettoyage apr\u00e8s construction\">Nettoyage apr\u00e8s construction<\/option><option value=\"Nettoyage\">Nettoyage<\/option><option value=\"en profondeur\">en profondeur<\/option><option value=\"\"><\/option><option value=\"Autre nettoyage\">Autre nettoyage<\/option><\/select><\/span>\n\t\t\t\t<\/p>\n\t\t\t<\/div>\n\t\t<\/div>\n\t\t<div class=\"col-md-12\">\n\t\t\t<div class=\"input-group input-button\">\n\t\t\t\t<p><span class=\"wpcf7-form-control-wrap\" data-name=\"message\"><textarea cols=\"40\" rows=\"4\" maxlength=\"2000\" class=\"wpcf7-form-control wpcf7-textarea\" aria-invalid=\"false\" placeholder=\"Mensagem (facultativo)\" name=\"message\"><\/textarea><\/span>\n\t\t\t\t<\/p>\n\t\t\t<\/div>\n\t\t<\/div>\n\t\t<p><span class=\"wpcf7-form-control-wrap\" data-name=\"checkbox-762\"><span class=\"wpcf7-form-control wpcf7-checkbox wpcf7-validates-as-required\"><span class=\"wpcf7-list-item first last\"><label><input type=\"checkbox\" name=\"checkbox-762[]\" value=\"J\u2019ai lu et j\u2019accepte les conditions d\u2019utilisation et la politique de confidentialit\u00e9.\" \/><span class=\"wpcf7-list-item-label\">J\u2019ai lu et j\u2019accepte les conditions d\u2019utilisation et la politique de confidentialit\u00e9.<\/span><\/label><\/span><\/span><\/span>\n\t\t<\/p>\n\t\t<div class=\"col-md-12\">\n\t\t\t<div class=\"input-group input-button\">\n\t\t\t\t<p><input class=\"wpcf7-form-control wpcf7-submit has-spinner btn-block\" type=\"submit\" value=\"Envoyer un devis\" \/>\n\t\t\t\t<\/p>\n\t\t\t<\/div>\n\t\t<\/div>\n\t<\/div>\n<\/div><div class=\"wpcf7-response-output\" aria-hidden=\"true\"><\/div>\n<\/form>\n<\/div>\n[\/vc_column][\/vc_row][vc_row][vc_column][vc_gmaps link=\u00a0\u00bb#E-8_JTNDaWZyYW1lJTIwc3JjJTNEJTIyaHR0cHMlM0ElMkYlMkZ3d3cuZ29vZ2xlLmNvbSUyRm1hcHMlMkZlbWJlZCUzRnBiJTNEJTIxMW0xOCUyMTFtMTIlMjExbTMlMjExZDMxMDMuNTI2NTA2NTQwMTI0JTIxMmQtOS4yMDQ2OTg5MjM2Mjc1OSUyMTNkMzguOTM0Nzk4NjQ0NDk1ODElMjEybTMlMjExZjAlMjEyZjAlMjEzZjAlMjEzbTIlMjExaTEwMjQlMjEyaTc2OCUyMTRmMTMuMSUyMTNtMyUyMTFtMiUyMTFzMHhkMWVkNTAwNWVlNDBjZjklMjUzQTB4ZDhmNjBjYzliNzJhMmE1YiUyMTJzUHJpbWUlMjUyMENsZWFuJTI1MjAtJTI1MjBMaW1wZXphcyUyNTIwZG9tJTI1QzMlMjVBOXN0aWNhcyUyNTIwZSUyNTIwY29tZXJjaWFpcyUyMTVlMCUyMTNtMiUyMTFzcHQtUFQlMjEyc3B0JTIxNHYxNzM0NTQ0OTQ0NjQ5JTIxNW0yJTIxMXNwdC1QVCUyMTJzcHQlMjIlMjB3aWR0aCUzRCUyMjYwMCUyMiUyMGhlaWdodCUzRCUyMjQ1MCUyMiUyMHN0eWxlJTNEJTIyYm9yZGVyJTNBMCUzQiUyMiUyMGFsbG93ZnVsbHNjcmVlbiUzRCUyMiUyMiUyMGxvYWRpbmclM0QlMjJsYXp5JTIyJTIwcmVmZXJyZXJwb2xpY3klM0QlMjJuby1yZWZlcnJlci13aGVuLWRvd25ncmFkZSUyMiUzRSUzQyUyRmlmcmFtZSUzRQ==\u00a0\u00bb css=\u00a0\u00bb\u00a0\u00bb title=\u00a0\u00bbEntreprise de nettoyage Prime Clean &#8211; Torres Vedras\u00a0\u00bb][\/vc_column][vc_column][\/vc_column][\/vc_row][vc_row][vc_column]<div class=\"themestek-boxes themestek-boxes-testimonial themestek-boxes-view-carousel themestek-boxes-col-one themestek-boxes-sortable-no themestek-boxes-textalign-center themestek-boxes-sortablebutton- themestek-boxes-carousel-arrows-below themestek-boxes-txtalign-center\" data-themestek-speed=\"1500\" data-themestek-autoplay=\"1\" data-themestek-autoplayspeed=\"4500\" data-themestek-loop=\"1\" data-themestek-dots=\"0\" data-themestek-nav=\"below\" data-themestek-centermode=\"0\" data-themestek-pauseonfocus=\"1\" data-themestek-pauseonhover=\"1\" data-themestek-slidestoscroll=\"column\" data-themestek-effecttype=\"slide\">\r\n\t\t<div class=\"themestek-boxes-inner themestek-boxes-testimonial-inner \"><div class=\"themestek-box-heading-wrapper themestek-element-align-center\"><div class=\"themestek-element-heading-wrapper themestek-heading-inner themestek-element-align-center themestek-seperator-none \"><section class=\"themestek-vc_cta3-container\"><div class=\"themestek-vc_general themestek-vc_cta3 themestek-cta3-only themestek-vc_cta3-style-classic themestek-vc_cta3-shape-rounded themestek-vc_cta3-align-center themestek-vc_cta3-color-transparent themestek-vc_cta3-icon-size-md themestek-vc_cta3-actions-no themestek-cta3-without-desc\"><div class=\"themestek-vc_cta3_content-container\"><div class=\"themestek-vc_cta3-content\"><div class=\"themestek-vc_cta3-content-header themestek-wrap\"><div class=\"themestek-vc_cta3-headers themestek-wrap-cell\"><h2 class=\"themestek-custom-heading \" >Conhe\u00e7a a opini\u00e3o dos nossos clientes<\/h2>\n<\/div><\/div><\/div><\/div><\/div><\/section><\/div> <!-- .themestek-element-heading-wrapper container --> <\/div> <!-- .themestek-element-heading-wrapper container --> \r\n\t\t\t\r\n\t\t\t<div class=\"row multi-columns-row themestek-boxes-row-wrapper\">\r\n\t\t\t\t<div class=\"themestek-box-col-wrapper col-lg-12 col-sm-12 col-md-12 col-xs-12 \"><article class=\"themestek-box themestek-box-testimonial themestek-testimonialbox-style-2\">\r\n\t<div class=\"themestek-post-item\">\r\n\t\t<div class=\"themestek-box-img\"><span class=\"themestek-icon-box\"><i class=\"demo-icon themestek-cleaninco-icon-quote-left\"><\/i><\/span><\/div>\r\n\t\t<div class=\"themestek-box-content\">\t\t\t\r\n\t\t\t<div class=\"themestek-box-desc\"><blockquote class=\"themestek-testimonial-text\">Professionnalisme. Assurance qualit\u00e9. Fiabilit\u00e9. Des qualit\u00e9s qui sont difficiles \u00e0 trouver sur ce march\u00e9 mais qui ici \u00e0 Braga (avec M. Ricardo et Mme Vanessa) sont une certitude. Rapport qualit\u00e9-prix appropri\u00e9.    <\/blockquote><\/div>\r\n\t\t<\/div>\r\n\t\t\r\n\t\t<div class=\"themestek-box-author\">\t\t\r\n\t\t\t<div class=\"themestek-box-star\"> <i class=\"themestek-cleaninco-icon-star themestek-skincolor themestek-active\"><\/i>  <i class=\"themestek-cleaninco-icon-star\"><\/i>  <i class=\"themestek-cleaninco-icon-star\"><\/i>  <i class=\"themestek-cleaninco-icon-star\"><\/i>  <i class=\"themestek-cleaninco-icon-star\"><\/i> <\/div>\r\n\t\t\t<div class=\"themestek-box-title\"><h3 class=\"themestek-author-name\">Susana Infante<\/h3><\/div>\r\n\t\t<\/div>\r\n\t<\/div>\r\n<\/article><\/div><div class=\"themestek-box-col-wrapper col-lg-12 col-sm-12 col-md-12 col-xs-12 \"><article class=\"themestek-box themestek-box-testimonial themestek-testimonialbox-style-2\">\r\n\t<div class=\"themestek-post-item\">\r\n\t\t<div class=\"themestek-box-img\"><span class=\"themestek-icon-box\"><i class=\"demo-icon themestek-cleaninco-icon-quote-left\"><\/i><\/span><\/div>\r\n\t\t<div class=\"themestek-box-content\">\t\t\t\r\n\t\t\t<div class=\"themestek-box-desc\"><blockquote class=\"themestek-testimonial-text\">Lorsque j\u2019ai demand\u00e9 les services de cette entreprise, ils \u00e9taient super sympas et tr\u00e8s professionnels, ils \u00e9taient ponctuels, ce qui est important pour la cohue quotidienne&nbsp;! Je suis devenu un client et j\u2019ai conseill\u00e9 toute ma famille et mes amis. Merci Prime Clean.  <\/blockquote><\/div>\r\n\t\t<\/div>\r\n\t\t\r\n\t\t<div class=\"themestek-box-author\">\t\t\r\n\t\t\t<div class=\"themestek-box-star\"> <i class=\"themestek-cleaninco-icon-star themestek-skincolor themestek-active\"><\/i>  <i class=\"themestek-cleaninco-icon-star\"><\/i>  <i class=\"themestek-cleaninco-icon-star\"><\/i>  <i class=\"themestek-cleaninco-icon-star\"><\/i>  <i class=\"themestek-cleaninco-icon-star\"><\/i> <\/div>\r\n\t\t\t<div class=\"themestek-box-title\"><h3 class=\"themestek-author-name\">Paula Silva<\/h3><\/div>\r\n\t\t<\/div>\r\n\t<\/div>\r\n<\/article><\/div><div class=\"themestek-box-col-wrapper col-lg-12 col-sm-12 col-md-12 col-xs-12 \"><article class=\"themestek-box themestek-box-testimonial themestek-testimonialbox-style-2\">\r\n\t<div class=\"themestek-post-item\">\r\n\t\t<div class=\"themestek-box-img\">\r\n\t\t<span class=\"themestek-item-thumbnail\">\r\n\t\t\t<span class=\"themestek-item-thumbnail-inner\">\r\n\t\t\t\t<img loading=\"lazy\" decoding=\"async\" width=\"150\" height=\"150\" src=\"https:\/\/www.prime-clean.com\/wp-content\/uploads\/2018\/12\/20160813_114711-scaled-e1673006057853-150x150.jpg\" class=\"attachment-thumbnail size-thumbnail wp-post-image\" alt=\"\" srcset=\"https:\/\/www.prime-clean.com\/wp-content\/uploads\/2018\/12\/20160813_114711-scaled-e1673006057853-150x150.jpg 150w, https:\/\/www.prime-clean.com\/wp-content\/uploads\/2018\/12\/20160813_114711-scaled-e1673006057853-800x800.jpg 800w\" sizes=\"auto, (max-width: 150px) 100vw, 150px\" data-id=\"12794\" \/>\r\n\t\t\t<\/span>\r\n\t\t<\/span><\/div>\r\n\t\t<div class=\"themestek-box-content\">\t\t\t\r\n\t\t\t<div class=\"themestek-box-desc\"><blockquote class=\"themestek-testimonial-text\">Je suis d\u00e9j\u00e0 un client Prime Clean pour ma maison et j\u2019ai r\u00e9cemment fait appel aux services de nettoyage des bureaux de mon entreprise. Une fois de plus, il a \u00e9t\u00e9 surpris par la rapidit\u00e9 et la qualit\u00e9 du service. \u00c0 toute l\u2019\u00e9quipe, mes f\u00e9licitations.  <\/blockquote><\/div>\r\n\t\t<\/div>\r\n\t\t\r\n\t\t<div class=\"themestek-box-author\">\t\t\r\n\t\t\t<div class=\"themestek-box-star\"> <i class=\"themestek-cleaninco-icon-star themestek-skincolor themestek-active\"><\/i>  <i class=\"themestek-cleaninco-icon-star\"><\/i>  <i class=\"themestek-cleaninco-icon-star\"><\/i>  <i class=\"themestek-cleaninco-icon-star\"><\/i>  <i class=\"themestek-cleaninco-icon-star\"><\/i> <\/div>\r\n\t\t\t<div class=\"themestek-box-title\"><h3 class=\"themestek-author-name\">Jorge Couto<\/h3><\/div>\r\n\t\t<\/div>\r\n\t<\/div>\r\n<\/article><\/div>\r\n\t\t\t<\/div>\r\n\t\t<\/div><!-- .themestek-boxes-inner -->   <\/div><!-- .themestek-boxes -->  [\/vc_column][\/vc_row]<\/p>\n<\/div>","protected":false},"excerpt":{"rendered":"<p>[vc_row][vc_column width=\u00a0\u00bb2\/3&Prime;][vc_row_inner][vc_column_inner width=\u00a0\u00bb1\/2&Prime;][vc_single_image image=\u00a0\u00bb12496&Prime; img_size=\u00a0\u00bbfull\u00a0\u00bb alignment=\u00a0\u00bbcenter\u00a0\u00bb css=\u00a0\u00bb\u00a0\u00bb][\/vc_column_inner][vc_column_inner width=\u00a0\u00bb1\/2&Prime;][vc_column_text css=\u00a0\u00bb\u00a0\u00bb]Pedro Santos &#8211; Directeur \u00e0 Torres Vedras J&rsquo;ai toujours voulu avoir ma propre entreprise et lorsque j&rsquo;ai d\u00e9couvert Prime Clean, j&rsquo;ai vu l&rsquo;occasion parfaite de repr\u00e9senter une marque respect\u00e9e dans le secteur du nettoyage. Dans la r\u00e9gion de Torres Vedras, sous ma direction, Pedro Santos, nous garantissons &hellip; <a href=\"https:\/\/www.prime-clean.com\/fr\/testimonial\/jorge-couto\/\" class=\"more-link\">Continue reading <span class=\"screen-reader-text\">Jorge Couto<\/span><\/a><\/p>\n","protected":false},"author":1,"featured_media":0,"parent":13568,"menu_order":1,"comment_status":"closed","ping_status":"closed","template":"","meta":{"footnotes":""},"class_list":["post-13304","page","type-page","status-publish","hentry"],"yoast_head":"<!-- This site is optimized with the Yoast SEO Premium plugin v26.9 (Yoast SEO v26.9) - https:\/\/yoast.com\/product\/yoast-seo-premium-wordpress\/ -->\n<title>Entreprise de nettoyage Torres Vedras - Entreprise de nettoyage Prime Clean<\/title>\n<meta name=\"robots\" content=\"index, follow, max-snippet:-1, max-image-preview:large, max-video-preview:-1\" \/>\n<link rel=\"canonical\" href=\"https:\/\/www.prime-clean.com\/fr\/prime-clean-cleaning-companies-royaume-uni\/entreprise-de-nettoyage-torres-vedras\/\" \/>\n<meta property=\"og:locale\" content=\"fr_FR\" \/>\n<meta property=\"og:type\" content=\"article\" \/>\n<meta property=\"og:title\" content=\"Entreprise de nettoyage Torres Vedras\" \/>\n<meta property=\"og:description\" content=\"[vc_row][vc_column width=\u00a0\u00bb2\/3&Prime;][vc_row_inner][vc_column_inner width=\u00a0\u00bb1\/2&Prime;][vc_single_image image=\u00a0\u00bb12496&Prime; img_size=\u00a0\u00bbfull\u00a0\u00bb alignment=\u00a0\u00bbcenter\u00a0\u00bb css=\u00a0\u00bb\u00a0\u00bb][\/vc_column_inner][vc_column_inner width=\u00a0\u00bb1\/2&Prime;][vc_column_text css=\u00a0\u00bb\u00a0\u00bb]Pedro Santos &#8211; Directeur \u00e0 Torres Vedras J&rsquo;ai toujours voulu avoir ma propre entreprise et lorsque j&rsquo;ai d\u00e9couvert Prime Clean, j&rsquo;ai vu l&rsquo;occasion parfaite de repr\u00e9senter une marque respect\u00e9e dans le secteur du nettoyage. Dans la r\u00e9gion de Torres Vedras, sous ma direction, Pedro Santos, nous garantissons &hellip; Continue reading Jorge Couto\" \/>\n<meta property=\"og:url\" content=\"https:\/\/www.prime-clean.com\/fr\/prime-clean-cleaning-companies-royaume-uni\/entreprise-de-nettoyage-torres-vedras\/\" \/>\n<meta property=\"og:site_name\" content=\"Entreprise de nettoyage Prime Clean\" \/>\n<meta property=\"article:publisher\" content=\"https:\/\/www.facebook.com\/FranchisingLimpezasPrimeClean\/\" \/>\n<meta property=\"article:modified_time\" content=\"2024-12-26T00:41:04+00:00\" \/>\n<meta property=\"og:image\" content=\"https:\/\/www.prime-clean.com\/wp-content\/uploads\/2025\/01\/Ja-conhece.jpg\" \/>\n\t<meta property=\"og:image:width\" content=\"1200\" \/>\n\t<meta property=\"og:image:height\" content=\"675\" \/>\n\t<meta property=\"og:image:type\" content=\"image\/jpeg\" \/>\n<meta name=\"twitter:card\" content=\"summary_large_image\" \/>\n<meta name=\"twitter:site\" content=\"@primecleangroup\" \/>\n<meta name=\"twitter:label1\" content=\"Dur\u00e9e de lecture estim\u00e9e\" \/>\n\t<meta name=\"twitter:data1\" content=\"3 minutes\" \/>\n<script type=\"application\/ld+json\" class=\"yoast-schema-graph\">{\"@context\":\"https:\/\/schema.org\",\"@graph\":[{\"@type\":\"WebPage\",\"@id\":\"https:\/\/www.prime-clean.com\/fr\/prime-clean-cleaning-companies-royaume-uni\/entreprise-de-nettoyage-torres-vedras\/\",\"url\":\"https:\/\/www.prime-clean.com\/fr\/prime-clean-cleaning-companies-royaume-uni\/entreprise-de-nettoyage-torres-vedras\/\",\"name\":\"Entreprise de nettoyage Torres Vedras - Entreprise de nettoyage Prime Clean\",\"isPartOf\":{\"@id\":\"https:\/\/www.prime-clean.com\/fr\/#website\"},\"datePublished\":\"2024-12-18T18:33:12+00:00\",\"dateModified\":\"2024-12-26T00:41:04+00:00\",\"breadcrumb\":{\"@id\":\"https:\/\/www.prime-clean.com\/fr\/prime-clean-cleaning-companies-royaume-uni\/entreprise-de-nettoyage-torres-vedras\/#breadcrumb\"},\"inLanguage\":\"fr-FR\",\"potentialAction\":[{\"@type\":\"ReadAction\",\"target\":[\"https:\/\/www.prime-clean.com\/fr\/prime-clean-cleaning-companies-royaume-uni\/entreprise-de-nettoyage-torres-vedras\/\"]}]},{\"@type\":\"BreadcrumbList\",\"@id\":\"https:\/\/www.prime-clean.com\/fr\/prime-clean-cleaning-companies-royaume-uni\/entreprise-de-nettoyage-torres-vedras\/#breadcrumb\",\"itemListElement\":[{\"@type\":\"ListItem\",\"position\":1,\"name\":\"In\u00edcio\",\"item\":\"https:\/\/www.prime-clean.com\/fr\/\"},{\"@type\":\"ListItem\",\"position\":2,\"name\":\"Prime Clean Cleaning Companies &#8211; Royaume-Uni\",\"item\":\"https:\/\/www.prime-clean.com\/fr\/prime-clean-cleaning-companies-royaume-uni\/\"},{\"@type\":\"ListItem\",\"position\":3,\"name\":\"Entreprise de nettoyage Torres Vedras\"}]},{\"@type\":\"WebSite\",\"@id\":\"https:\/\/www.prime-clean.com\/fr\/#website\",\"url\":\"https:\/\/www.prime-clean.com\/fr\/\",\"name\":\"Empresa de limpezas Prime Clean\",\"description\":\"L'entreprise de nettoyage Prime Clean est la meilleure option en mati\u00e8re de services de nettoyage domestique et commercial.\",\"alternateName\":\"Empresa de limpezas\",\"potentialAction\":[{\"@type\":\"SearchAction\",\"target\":{\"@type\":\"EntryPoint\",\"urlTemplate\":\"https:\/\/www.prime-clean.com\/fr\/?s={search_term_string}\"},\"query-input\":{\"@type\":\"PropertyValueSpecification\",\"valueRequired\":true,\"valueName\":\"search_term_string\"}}],\"inLanguage\":\"fr-FR\"}]}<\/script>\n<!-- \/ Yoast SEO Premium plugin. -->","yoast_head_json":{"title":"Entreprise de nettoyage Torres Vedras - Entreprise de nettoyage Prime Clean","robots":{"index":"index","follow":"follow","max-snippet":"max-snippet:-1","max-image-preview":"max-image-preview:large","max-video-preview":"max-video-preview:-1"},"canonical":"https:\/\/www.prime-clean.com\/fr\/prime-clean-cleaning-companies-royaume-uni\/entreprise-de-nettoyage-torres-vedras\/","og_locale":"fr_FR","og_type":"article","og_title":"Entreprise de nettoyage Torres Vedras","og_description":"[vc_row][vc_column width=\u00a0\u00bb2\/3&Prime;][vc_row_inner][vc_column_inner width=\u00a0\u00bb1\/2&Prime;][vc_single_image image=\u00a0\u00bb12496&Prime; img_size=\u00a0\u00bbfull\u00a0\u00bb alignment=\u00a0\u00bbcenter\u00a0\u00bb css=\u00a0\u00bb\u00a0\u00bb][\/vc_column_inner][vc_column_inner width=\u00a0\u00bb1\/2&Prime;][vc_column_text css=\u00a0\u00bb\u00a0\u00bb]Pedro Santos &#8211; Directeur \u00e0 Torres Vedras J&rsquo;ai toujours voulu avoir ma propre entreprise et lorsque j&rsquo;ai d\u00e9couvert Prime Clean, j&rsquo;ai vu l&rsquo;occasion parfaite de repr\u00e9senter une marque respect\u00e9e dans le secteur du nettoyage. Dans la r\u00e9gion de Torres Vedras, sous ma direction, Pedro Santos, nous garantissons &hellip; Continue reading Jorge Couto","og_url":"https:\/\/www.prime-clean.com\/fr\/prime-clean-cleaning-companies-royaume-uni\/entreprise-de-nettoyage-torres-vedras\/","og_site_name":"Entreprise de nettoyage Prime Clean","article_publisher":"https:\/\/www.facebook.com\/FranchisingLimpezasPrimeClean\/","article_modified_time":"2024-12-26T00:41:04+00:00","og_image":[{"width":1200,"height":675,"url":"https:\/\/www.prime-clean.com\/wp-content\/uploads\/2025\/01\/Ja-conhece.jpg","type":"image\/jpeg"}],"twitter_card":"summary_large_image","twitter_site":"@primecleangroup","twitter_misc":{"Dur\u00e9e de lecture estim\u00e9e":"3 minutes"},"schema":{"@context":"https:\/\/schema.org","@graph":[{"@type":"WebPage","@id":"https:\/\/www.prime-clean.com\/fr\/prime-clean-cleaning-companies-royaume-uni\/entreprise-de-nettoyage-torres-vedras\/","url":"https:\/\/www.prime-clean.com\/fr\/prime-clean-cleaning-companies-royaume-uni\/entreprise-de-nettoyage-torres-vedras\/","name":"Entreprise de nettoyage Torres Vedras - Entreprise de nettoyage Prime Clean","isPartOf":{"@id":"https:\/\/www.prime-clean.com\/fr\/#website"},"datePublished":"2024-12-18T18:33:12+00:00","dateModified":"2024-12-26T00:41:04+00:00","breadcrumb":{"@id":"https:\/\/www.prime-clean.com\/fr\/prime-clean-cleaning-companies-royaume-uni\/entreprise-de-nettoyage-torres-vedras\/#breadcrumb"},"inLanguage":"fr-FR","potentialAction":[{"@type":"ReadAction","target":["https:\/\/www.prime-clean.com\/fr\/prime-clean-cleaning-companies-royaume-uni\/entreprise-de-nettoyage-torres-vedras\/"]}]},{"@type":"BreadcrumbList","@id":"https:\/\/www.prime-clean.com\/fr\/prime-clean-cleaning-companies-royaume-uni\/entreprise-de-nettoyage-torres-vedras\/#breadcrumb","itemListElement":[{"@type":"ListItem","position":1,"name":"In\u00edcio","item":"https:\/\/www.prime-clean.com\/fr\/"},{"@type":"ListItem","position":2,"name":"Prime Clean Cleaning Companies &#8211; Royaume-Uni","item":"https:\/\/www.prime-clean.com\/fr\/prime-clean-cleaning-companies-royaume-uni\/"},{"@type":"ListItem","position":3,"name":"Entreprise de nettoyage Torres Vedras"}]},{"@type":"WebSite","@id":"https:\/\/www.prime-clean.com\/fr\/#website","url":"https:\/\/www.prime-clean.com\/fr\/","name":"Empresa de limpezas Prime Clean","description":"L'entreprise de nettoyage Prime Clean est la meilleure option en mati\u00e8re de services de nettoyage domestique et commercial.","alternateName":"Empresa de limpezas","potentialAction":[{"@type":"SearchAction","target":{"@type":"EntryPoint","urlTemplate":"https:\/\/www.prime-clean.com\/fr\/?s={search_term_string}"},"query-input":{"@type":"PropertyValueSpecification","valueRequired":true,"valueName":"search_term_string"}}],"inLanguage":"fr-FR"}]}},"_links":{"self":[{"href":"https:\/\/www.prime-clean.com\/fr\/wp-json\/wp\/v2\/pages\/13304","targetHints":{"allow":["GET"]}}],"collection":[{"href":"https:\/\/www.prime-clean.com\/fr\/wp-json\/wp\/v2\/pages"}],"about":[{"href":"https:\/\/www.prime-clean.com\/fr\/wp-json\/wp\/v2\/types\/page"}],"author":[{"embeddable":true,"href":"https:\/\/www.prime-clean.com\/fr\/wp-json\/wp\/v2\/users\/1"}],"replies":[{"embeddable":true,"href":"https:\/\/www.prime-clean.com\/fr\/wp-json\/wp\/v2\/comments?post=13304"}],"version-history":[{"count":8,"href":"https:\/\/www.prime-clean.com\/fr\/wp-json\/wp\/v2\/pages\/13304\/revisions"}],"predecessor-version":[{"id":13344,"href":"https:\/\/www.prime-clean.com\/fr\/wp-json\/wp\/v2\/pages\/13304\/revisions\/13344"}],"up":[{"embeddable":true,"href":"https:\/\/www.prime-clean.com\/fr\/wp-json\/wp\/v2\/pages\/13568"}],"wp:attachment":[{"href":"https:\/\/www.prime-clean.com\/fr\/wp-json\/wp\/v2\/media?parent=13304"}],"curies":[{"name":"wp","href":"https:\/\/api.w.org\/{rel}","templated":true}]}}