{"id":16176,"date":"2024-05-12T08:56:52","date_gmt":"2024-05-12T08:56:52","guid":{"rendered":"https:\/\/www.prime-clean.com\/gdpr-prime-clean\/"},"modified":"2024-12-29T16:19:58","modified_gmt":"2024-12-29T16:19:58","slug":"gdpr-prime-clean","status":"publish","type":"page","link":"https:\/\/www.prime-clean.com\/en\/gdpr-prime-clean\/","title":{"rendered":"GDPR &#8211; Prime Clean"},"content":{"rendered":"<div class=\"wpb-content-wrapper\"><p>[vc_row][vc_column]<div class=\"themestek-element-heading-wrapper themestek-heading-inner themestek-element-align-center themestek-seperator-none \"><section class=\"themestek-vc_cta3-container\"><div class=\"themestek-vc_general themestek-vc_cta3 themestek-cta3-only themestek-vc_cta3-style-classic themestek-vc_cta3-shape-rounded themestek-vc_cta3-align-center themestek-vc_cta3-color-transparent themestek-vc_cta3-icon-size-md themestek-vc_cta3-actions-no themestek-cta3-without-desc\"><div class=\"themestek-vc_cta3_content-container\"><div class=\"themestek-vc_cta3-content\"><div class=\"themestek-vc_cta3-content-header themestek-wrap\"><div class=\"themestek-vc_cta3-headers themestek-wrap-cell\"><h4 class=\"themestek-custom-heading \" >Prime Clean - Limpezas dom\u00e9sticas e Comerciais<\/h4>\n<h2 class=\"themestek-custom-heading \" >Saiba mais sobre a empresa de limpezas Prime Clean<\/h2>\n<\/div><\/div><\/div><\/div><\/div><\/section><\/div> <!-- .themestek-element-heading-wrapper container --> [\/vc_column][\/vc_row][vc_row css=&#8221;.vc_custom_1715366396394{margin-top: -250px !important;}&#8221;][vc_column][vc_column_text]<\/p>\n<h1>General Data Protection Regulation<\/h1>\n<h2>Introduction<\/h2>\n<p>This General Data Protection Regulation (&#8220;GDPR&#8221;) is established by Prime Clean (&#8220;Brand&#8221;), headquartered at Parque das Na\u00e7\u00f5es Edif\u00edcio Infante Av. D. Jo\u00e3o II, n\u00ba 35, Piso 11\u00ba 1990-083 Lisboa, hereinafter referred to as the &#8220;Data Controller&#8221;, in accordance with Regulation (EU) 2016\/679 of the European Parliament and of the Council, of 27 April 2016 (&#8220;General Data Protection Regulation&#8221; or &#8220;GDPR&#8221;), and other laws and regulations applicable to data protection in the European Union. <\/p>\n<h2>Goal<\/h2>\n<p>The purpose of this GDPR is to establish the rules for the collection, processing and protection of the personal data of customers who interact with the Brand&#8217;s website.<\/p>\n<h3>Data Controller<\/h3>\n<p>The Brand is the entity responsible for the processing of customers&#8217; personal data collected through the website.<\/p>\n<h3>Personal Data Collected<\/h3>\n<p>The Brand collects the following personal data from customers:<\/p>\n<ul>\n<li>Full name<\/li>\n<li>Dwelling<\/li>\n<li>Email address<\/li>\n<li>Phone Number<\/li>\n<li>Other data provided by the customer during the interaction with the Brand&#8217;s website<\/li>\n<\/ul>\n<h3>Purposes of Data Processing<\/h3>\n<p>Customers&#8217; personal data is processed for the following purposes:<\/p>\n<ul>\n<li>Customer management and service delivery<\/li>\n<li>Marketing and communication<\/li>\n<li>Accounting, tax and administrative management<\/li>\n<li>Litigation management<\/li>\n<li>Network and systems management<\/li>\n<li>Ensuring information security<\/li>\n<li>Compliance with legal obligations<\/li>\n<li>Legal Basis for Data Processing<\/li>\n<\/ul>\n<p>The processing of customers&#8217; personal data is based on:<\/p>\n<ul>\n<li>Customer consent: The customer can consent to the processing of their personal data for the purposes mentioned above. Consent can be withdrawn at any time. <\/li>\n<li>Performance of a contract: The processing of personal data may be necessary for the performance of a contract concluded between the Brand and the customer.<\/li>\n<li>Compliance with legal obligations: The Brand may be required to process customers&#8217; personal data to comply with legal obligations.<\/li>\n<\/ul>\n<h3>Rights of Data Subjects<\/h3>\n<p>Customers have the following rights in relation to their personal data:<\/p>\n<ul>\n<li>Right of access: The customer has the right to obtain access to their personal data and information about the processing of their personal data.<\/li>\n<li>Right to rectification: The customer has the right to request the rectification of their personal data if they are incorrect or incomplete.<\/li>\n<li>Right to erasure: You have the right to request the erasure of your personal data, provided that there are no legitimate grounds for its storage.<\/li>\n<li>Right to object: You have the right to object to the processing of your personal data for certain purposes, such as direct marketing.<\/li>\n<li>Right to data portability: The customer has the right to receive their personal data in a structured, commonly used and machine-readable format and to transmit them to another controller.<\/li>\n<li>Right to restriction of processing: You have the right to request the restriction of the processing of your personal data in certain circumstances.<\/li>\n<\/ul>\n<h3>Data Retention<\/h3>\n<p>The Brand will retain customers&#8217; personal data for the period necessary to fulfill the purposes for which it was collected, or for the period required by law.<\/p>\n<h3>Data Security<\/h3>\n<p>The Brand implements appropriate technical and organizational measures to ensure the security of customers&#8217; personal data, including protection against unauthorized access, disclosure, alteration or destruction of data.<\/p>\n<h3>Data Transfer<\/h3>\n<p>The Brand does not transfer customers&#8217; personal data to third countries.<\/p>\n<h3>Subcontractors<\/h3>\n<p>The Brand may use processors for the processing of personal data, but ensures that these processors implement appropriate security and data protection measures.<\/p>\n<h3>Amendments to the Regulation<\/h3>\n<p>This GDPR is subject to periodic reviews to ensure compliance with applicable laws and regulations. Changes will be communicated to customers through the Brand&#8217;s website. <\/p>\n<h3>Contact<\/h3>\n<p>For any question related to the processing of their personal data, the customer can contact the Brand through the following email address: <strong>geral@prime-clean.com<\/strong><\/p>\n<h3>Final Provisions<\/h3>\n<p>By using the Brand&#8217;s website, you agree to the terms and conditions of this GDPR. This GDPR is available for consultation on the Brand&#8217;s website.[\/vc_column_text][\/vc_column][\/vc_row][vc_row themestek_textcolor=&#8221;white&#8221; full_width=&#8221;stretch_row&#8221; equal_height=&#8221;yes&#8221; css=&#8221;.vc_custom_1559811245484{padding-top: 120px !important;padding-bottom: 100px !important;background-image: url(https:\/\/cleaninco-demo.pbminfotech.com\/wp-content\/uploads\/2019\/04\/bg-img.png?id=9388) !important;background-position: center !important;background-repeat: no-repeat !important;background-size: cover !important;}&#8221;][vc_column]<h4 style=\"text-align:center;font-size:22px;line-height:28px;color:#ffffff;\" class=\"themestek-custom-heading \" >Do you have any questions you would like to clarify?<\/h4>\n<h2 style=\"text-align:center;font-size:50px;line-height:60px;color:#ffffff;\" class=\"themestek-custom-heading \" >+(351) 210 015 275<\/h2>\n<h4 style=\"text-align:center;font-size:18px;line-height:28px;color:#ffffff;\" class=\"themestek-custom-heading \" >Call to national landline<\/h4>\n[\/vc_column][\/vc_row][vc_row full_width=&#8221;stretch_row&#8221; css=&#8221;.vc_custom_1556100212925{background-color: #f4fbfd !important;}&#8221;][vc_column]<div class=\"themestek-element-heading-wrapper themestek-heading-inner themestek-element-align-center themestek-seperator-none \"><section class=\"themestek-vc_cta3-container\"><div class=\"themestek-vc_general themestek-vc_cta3 themestek-cta3-only themestek-vc_cta3-style-classic themestek-vc_cta3-shape-rounded themestek-vc_cta3-align-center themestek-vc_cta3-color-transparent themestek-vc_cta3-icon-size-md themestek-vc_cta3-actions-no themestek-cta3-without-desc\"><div class=\"themestek-vc_cta3_content-container\"><div class=\"themestek-vc_cta3-content\"><div class=\"themestek-vc_cta3-content-header themestek-wrap\"><div class=\"themestek-vc_cta3-headers themestek-wrap-cell\"><h4 class=\"themestek-custom-heading \" >DICAS, NOTICIAS E ARTIGOS<\/h4>\n<h2 class=\"themestek-custom-heading \" >Dicas, noticias e artigos da nossa empresa de limpezas<\/h2>\n<\/div><\/div><\/div><\/div><\/div><\/section><\/div> <!-- .themestek-element-heading-wrapper container --> [vc_row_inner][vc_column_inner offset=&#8221;vc_col-lg-6 vc_col-md-12&#8243;]<div class=\"themestek-boxes themestek-boxes-blog themestek-boxes-view-default themestek-boxes-col-one themestek-boxes-sortable-no themestek-boxes-textalign-center themestek-boxes-sortablebutton-\">\r\n\t\t<div class=\"themestek-boxes-inner themestek-boxes-blog-inner \">\r\n\t\t\t\r\n\t\t\t<div class=\"row multi-columns-row themestek-boxes-row-wrapper\">\r\n\t\t\t\t<div class=\"themestek-box-col-wrapper col-lg-12 col-sm-12 col-md-12 col-xs-12 ts-term-97 ts-term-60\"><article class=\"themestek-box themestek-box-blog themestek-blogbox-style-3 themestek-blogbox-format- \">\r\n\t<div class=\"post-item\">\r\n\t\t<div class=\"themestek-blog-image-with-meta\">\r\n\t\t\t<div class=\"themestek-featured-wrapper themestek-post-featured-wrapper themestek-post-format-\"><img loading=\"lazy\" decoding=\"async\" width=\"800\" height=\"532\" src=\"https:\/\/www.prime-clean.com\/wp-content\/uploads\/2026\/03\/limpezas-domesticas-guimaraes-800x533.png\" class=\"attachment-themestek-img-800x533 size-themestek-img-800x533 wp-post-image\" alt=\"Professional cleaning with trained staff and modern equipment in Guimar\u00e3es. Residential, commercial and industrial cleaning services with guaranteed quality and efficiency.\" \/><\/div>\t\t\t<div class=\"themestek-meta-date\"> 26<span>Mar<\/span><\/div>\r\n\t\t<\/div>\r\n\t\t<div class=\"themestek-box-content\">\r\n\t\t\t<div class=\"themestek-entry-meta-wrapper\"><div class=\"entry-meta themestek-entry-meta themestek-entry-meta-blogclassic\"><span class=\"themestek-meta-line byline\">  <span class=\"author vcard\"><span class=\"screen-reader-text themestek-hide\">Author <\/span>By <a class=\"url fn n\" href=\"https:\/\/www.prime-clean.com\/en\/author\/jorge\/\">Miguel<\/a><\/span><\/span><span class=\"themestek-meta-line comments-link\"> <a href=\"https:\/\/www.prime-clean.com\/en\/prime-clean-guimaraes-cleaning-company\/#respond\">Leave a comment<\/a><\/span><span class=\"themestek-meta-line cat-links\"> <span class=\"screen-reader-text themestek-hide\">Categories <\/span><a href=\"https:\/\/www.prime-clean.com\/en\/category\/news\/\" rel=\"category tag\">News<\/a>, <a href=\"https:\/\/www.prime-clean.com\/en\/category\/prime-clean-companies\/\" rel=\"category tag\">Prime Clean Companies<\/a><\/span><\/div><\/div>\t\t\t<div class=\"themestek-box-title\"><h4><a href=\"https:\/\/www.prime-clean.com\/en\/prime-clean-guimaraes-cleaning-company\/\">Prime Clean Guimar\u00e3es cleaning company<\/a><\/h4><\/div>\t\t\t<div class=\"ts-blogbox-readmore\">\r\n\t\t\t\t\t\t\t\t<\/div>\r\n\t\t<\/div>\r\n\t<\/div>\r\n<\/article>\r\n<\/div>\r\n\t\t\t<\/div>\r\n\t\t<\/div><!-- .themestek-boxes-inner -->   <\/div><!-- .themestek-boxes -->  [\/vc_column_inner][vc_column_inner offset=&#8221;vc_col-lg-6 vc_col-md-12&#8243;]<div class=\"themestek-boxes themestek-boxes-blog themestek-boxes-view-default themestek-boxes-col-one themestek-boxes-sortable-no themestek-boxes-textalign-center themestek-boxes-sortablebutton-\">\r\n\t\t<div class=\"themestek-boxes-inner themestek-boxes-blog-inner \">\r\n\t\t\t\r\n\t\t\t<div class=\"row multi-columns-row themestek-boxes-row-wrapper\">\r\n\t\t\t\t<div class=\"themestek-box-col-wrapper col-lg-12 col-sm-12 col-md-12 col-xs-12 ts-term-88\"><article class=\"themestek-box themestek-box-blog themestek-blogbox-style-2 themestek-blogbox-format-  themestek-blog-box-lr\">\r\n\t<div class=\"post-item clearfix\">\r\n        <div class=\"col-md-4 col-sm-4 themestek-box-img-right\">\r\n\t\t\t<div class=\"themestek-featured-wrapper themestek-post-featured-wrapper themestek-post-format-\"><img loading=\"lazy\" decoding=\"async\" width=\"800\" height=\"650\" src=\"https:\/\/www.prime-clean.com\/wp-content\/uploads\/2019\/03\/img-02-800x650.jpg\" class=\"attachment-themestek-img-800x650 size-themestek-img-800x650 wp-post-image\" alt=\"\" \/><\/div>\t\t<\/div>\r\n        <div class=\"themestek-box-content col-md-8 col-sm-8\">\r\n\t\t\t<div class=\"themestek-box-content-inner\">\r\n\r\n\t\t\t\t<div class=\"themestek-entry-meta-wrapper\"><div class=\"entry-meta themestek-entry-meta themestek-entry-meta-blogclassic\"><span class=\"themestek-meta-line byline\">  <span class=\"author vcard\"><span class=\"screen-reader-text themestek-hide\">Author <\/span>By <a class=\"url fn n\" href=\"https:\/\/www.prime-clean.com\/en\/author\/jorge\/\">Miguel<\/a><\/span><\/span><span class=\"themestek-meta-line comments-link\"> <a href=\"https:\/\/www.prime-clean.com\/en\/why-hire-a-cleaning-company-for-your-company\/#respond\">Leave a comment<\/a><\/span><span class=\"themestek-meta-line cat-links\"> <span class=\"screen-reader-text themestek-hide\">Categories <\/span><a href=\"https:\/\/www.prime-clean.com\/en\/category\/cleaning-tips\/\" rel=\"category tag\">Cleaning Tips<\/a><\/span><\/div><\/div>\t\t\t\t<div class=\"themestek-box-title\"><h4><a href=\"https:\/\/www.prime-clean.com\/en\/why-hire-a-cleaning-company-for-your-company\/\">Why hire a cleaning company for your company?<\/a><\/h4><\/div>\t\t\t\t<div class=\"ts-blogbox-readmore\">\r\n\t\t\t\t\t\t\t\t\t<\/div>\r\n            <\/div>\r\n        <\/div>\r\n\t<\/div>\r\n<\/article>\r\n<\/div><div class=\"themestek-box-col-wrapper col-lg-12 col-sm-12 col-md-12 col-xs-12 ts-term-1\"><article class=\"themestek-box themestek-box-blog themestek-blogbox-style-2 themestek-blogbox-format-  themestek-blog-box-lr\">\r\n\t<div class=\"post-item clearfix\">\r\n        <div class=\"col-md-4 col-sm-4 themestek-box-img-right\">\r\n\t\t\t<div class=\"themestek-featured-wrapper themestek-post-featured-wrapper themestek-post-format-\"><img loading=\"lazy\" decoding=\"async\" width=\"800\" height=\"650\" src=\"https:\/\/www.prime-clean.com\/wp-content\/uploads\/2019\/06\/img-01-800x650.jpg\" class=\"attachment-themestek-img-800x650 size-themestek-img-800x650 wp-post-image\" alt=\"\" \/><\/div>\t\t<\/div>\r\n        <div class=\"themestek-box-content col-md-8 col-sm-8\">\r\n\t\t\t<div class=\"themestek-box-content-inner\">\r\n\r\n\t\t\t\t<div class=\"themestek-entry-meta-wrapper\"><div class=\"entry-meta themestek-entry-meta themestek-entry-meta-blogclassic\"><span class=\"themestek-meta-line byline\">  <span class=\"author vcard\"><span class=\"screen-reader-text themestek-hide\">Author <\/span>By <a class=\"url fn n\" href=\"https:\/\/www.prime-clean.com\/en\/author\/jorge\/\">Miguel<\/a><\/span><\/span><span class=\"themestek-meta-line comments-link\"> <a href=\"https:\/\/www.prime-clean.com\/en\/five-cleaning-tips-for-your-home\/#respond\">Leave a comment<\/a><\/span><span class=\"themestek-meta-line cat-links\"> <span class=\"screen-reader-text themestek-hide\">Categories <\/span><a href=\"https:\/\/www.prime-clean.com\/en\/category\/sem-categoria\/\" rel=\"category tag\">Sem categoria<\/a><\/span><\/div><\/div>\t\t\t\t<div class=\"themestek-box-title\"><h4><a href=\"https:\/\/www.prime-clean.com\/en\/five-cleaning-tips-for-your-home\/\">Five cleaning tips for your home<\/a><\/h4><\/div>\t\t\t\t<div class=\"ts-blogbox-readmore\">\r\n\t\t\t\t\t\t\t\t\t<\/div>\r\n            <\/div>\r\n        <\/div>\r\n\t<\/div>\r\n<\/article>\r\n<\/div><div class=\"themestek-box-col-wrapper col-lg-12 col-sm-12 col-md-12 col-xs-12 ts-term-60\"><article class=\"themestek-box themestek-box-blog themestek-blogbox-style-2 themestek-blogbox-format-chat  themestek-blog-box-lr\">\r\n\t<div class=\"post-item clearfix\">\r\n        <div class=\"col-md-4 col-sm-4 themestek-box-img-right\">\r\n\t\t\t<div class=\"themestek-featured-wrapper themestek-post-featured-wrapper themestek-post-format-chat\"><img loading=\"lazy\" decoding=\"async\" width=\"800\" height=\"650\" src=\"https:\/\/www.prime-clean.com\/wp-content\/uploads\/2018\/08\/empresa-limpezas-braga-800x650.jpg\" class=\"attachment-themestek-img-800x650 size-themestek-img-800x650 wp-post-image\" alt=\"\" \/><\/div>\t\t<\/div>\r\n        <div class=\"themestek-box-content col-md-8 col-sm-8\">\r\n\t\t\t<div class=\"themestek-box-content-inner\">\r\n\r\n\t\t\t\t<div class=\"themestek-entry-meta-wrapper\"><div class=\"entry-meta themestek-entry-meta themestek-entry-meta-blogclassic\"><span class=\"themestek-meta-line byline\">  <span class=\"author vcard\"><span class=\"screen-reader-text themestek-hide\">Author <\/span>By <a class=\"url fn n\" href=\"https:\/\/www.prime-clean.com\/en\/author\/jorge\/\">Miguel<\/a><\/span><\/span><span class=\"themestek-meta-line comments-link\"> <a href=\"https:\/\/www.prime-clean.com\/en\/new-cleaning-company-prime-clean-braga\/#respond\">Leave a comment<\/a><\/span><span class=\"themestek-meta-line cat-links\"> <span class=\"screen-reader-text themestek-hide\">Categories <\/span><a href=\"https:\/\/www.prime-clean.com\/en\/category\/prime-clean-companies\/\" rel=\"category tag\">Prime Clean Companies<\/a><\/span><\/div><\/div>\t\t\t\t<div class=\"themestek-box-title\"><h4><a href=\"https:\/\/www.prime-clean.com\/en\/new-cleaning-company-prime-clean-braga\/\">New cleaning company Prime Clean &#8211; Braga<\/a><\/h4><\/div>\t\t\t\t<div class=\"ts-blogbox-readmore\">\r\n\t\t\t\t\t\t\t\t\t<\/div>\r\n            <\/div>\r\n        <\/div>\r\n\t<\/div>\r\n<\/article>\r\n<\/div>\r\n\t\t\t<\/div>\r\n\t\t<\/div><!-- .themestek-boxes-inner -->   <\/div><!-- .themestek-boxes -->  [\/vc_column_inner][\/vc_row_inner][\/vc_column][\/vc_row]<\/p>\n<\/div>","protected":false},"excerpt":{"rendered":"<p>[vc_row][vc_column][\/vc_column][\/vc_row][vc_row css=&#8221;.vc_custom_1715366396394{margin-top: -250px !important;}&#8221;][vc_column][vc_column_text] General Data Protection Regulation Introduction This General Data Protection Regulation (&#8220;GDPR&#8221;) is established by Prime Clean (&#8220;Brand&#8221;), headquartered at Parque das Na\u00e7\u00f5es Edif\u00edcio Infante Av. D. Jo\u00e3o II, n\u00ba 35, Piso 11\u00ba 1990-083 Lisboa, hereinafter referred to as the &#8220;Data Controller&#8221;, in accordance with Regulation (EU) 2016\/679 of the European Parliament &hellip; <a href=\"https:\/\/www.prime-clean.com\/en\/new-cleaning-company-prime-clean-braga\/\" class=\"more-link\">Continue reading <span class=\"screen-reader-text\">New cleaning company Prime Clean &#8211; Braga<\/span><\/a><\/p>\n","protected":false},"author":1,"featured_media":0,"parent":0,"menu_order":6,"comment_status":"closed","ping_status":"closed","template":"","meta":{"footnotes":""},"class_list":["post-16176","page","type-page","status-publish","hentry"],"yoast_head":"<!-- This site is optimized with the Yoast SEO Premium plugin v26.9 (Yoast SEO v26.9) - https:\/\/yoast.com\/product\/yoast-seo-premium-wordpress\/ -->\n<title>GDPR - Prime Clean - Prime Clean Cleaning Company<\/title>\n<meta name=\"robots\" content=\"index, follow, max-snippet:-1, max-image-preview:large, max-video-preview:-1\" \/>\n<link rel=\"canonical\" href=\"https:\/\/www.prime-clean.com\/en\/gdpr-prime-clean\/\" \/>\n<meta property=\"og:locale\" content=\"en_US\" \/>\n<meta property=\"og:type\" content=\"article\" \/>\n<meta property=\"og:title\" content=\"GDPR - Prime Clean\" \/>\n<meta property=\"og:description\" content=\"[vc_row][vc_column][\/vc_column][\/vc_row][vc_row css=&#8221;.vc_custom_1715366396394{margin-top: -250px !important;}&#8221;][vc_column][vc_column_text] General Data Protection Regulation Introduction This General Data Protection Regulation (&#8220;GDPR&#8221;) is established by Prime Clean (&#8220;Brand&#8221;), headquartered at Parque das Na\u00e7\u00f5es Edif\u00edcio Infante Av. D. Jo\u00e3o II, n\u00ba 35, Piso 11\u00ba 1990-083 Lisboa, hereinafter referred to as the &#8220;Data Controller&#8221;, in accordance with Regulation (EU) 2016\/679 of the European Parliament &hellip; Continue reading New cleaning company Prime Clean &#8211; Braga\" \/>\n<meta property=\"og:url\" content=\"https:\/\/www.prime-clean.com\/en\/gdpr-prime-clean\/\" \/>\n<meta property=\"og:site_name\" content=\"Prime Clean Cleaning Company\" \/>\n<meta property=\"article:publisher\" content=\"https:\/\/www.facebook.com\/FranchisingLimpezasPrimeClean\/\" \/>\n<meta property=\"article:modified_time\" content=\"2024-12-29T16:19:58+00:00\" \/>\n<meta property=\"og:image\" content=\"https:\/\/www.prime-clean.com\/wp-content\/uploads\/2025\/01\/Ja-conhece.jpg\" \/>\n\t<meta property=\"og:image:width\" content=\"1200\" \/>\n\t<meta property=\"og:image:height\" content=\"675\" \/>\n\t<meta property=\"og:image:type\" content=\"image\/jpeg\" \/>\n<meta name=\"twitter:card\" content=\"summary_large_image\" \/>\n<meta name=\"twitter:site\" content=\"@primecleangroup\" \/>\n<meta name=\"twitter:label1\" content=\"Est. reading time\" \/>\n\t<meta name=\"twitter:data1\" content=\"4 minutes\" \/>\n<script type=\"application\/ld+json\" class=\"yoast-schema-graph\">{\"@context\":\"https:\/\/schema.org\",\"@graph\":[{\"@type\":\"WebPage\",\"@id\":\"https:\/\/www.prime-clean.com\/en\/gdpr-prime-clean\/\",\"url\":\"https:\/\/www.prime-clean.com\/en\/gdpr-prime-clean\/\",\"name\":\"GDPR - Prime Clean - Prime Clean Cleaning Company\",\"isPartOf\":{\"@id\":\"https:\/\/www.prime-clean.com\/en\/#website\"},\"datePublished\":\"2024-05-12T08:56:52+00:00\",\"dateModified\":\"2024-12-29T16:19:58+00:00\",\"breadcrumb\":{\"@id\":\"https:\/\/www.prime-clean.com\/en\/gdpr-prime-clean\/#breadcrumb\"},\"inLanguage\":\"en-US\",\"potentialAction\":[{\"@type\":\"ReadAction\",\"target\":[\"https:\/\/www.prime-clean.com\/en\/gdpr-prime-clean\/\"]}]},{\"@type\":\"BreadcrumbList\",\"@id\":\"https:\/\/www.prime-clean.com\/en\/gdpr-prime-clean\/#breadcrumb\",\"itemListElement\":[{\"@type\":\"ListItem\",\"position\":1,\"name\":\"In\u00edcio\",\"item\":\"https:\/\/www.prime-clean.com\/en\/\"},{\"@type\":\"ListItem\",\"position\":2,\"name\":\"GDPR &#8211; Prime Clean\"}]},{\"@type\":\"WebSite\",\"@id\":\"https:\/\/www.prime-clean.com\/en\/#website\",\"url\":\"https:\/\/www.prime-clean.com\/en\/\",\"name\":\"Empresa de limpezas Prime Clean\",\"description\":\"The cleaning company Prime Clean is the best choice for domestic and commercial cleaning services.\",\"alternateName\":\"Empresa de limpezas\",\"potentialAction\":[{\"@type\":\"SearchAction\",\"target\":{\"@type\":\"EntryPoint\",\"urlTemplate\":\"https:\/\/www.prime-clean.com\/en\/?s={search_term_string}\"},\"query-input\":{\"@type\":\"PropertyValueSpecification\",\"valueRequired\":true,\"valueName\":\"search_term_string\"}}],\"inLanguage\":\"en-US\"}]}<\/script>\n<!-- \/ Yoast SEO Premium plugin. -->","yoast_head_json":{"title":"GDPR - Prime Clean - Prime Clean Cleaning Company","robots":{"index":"index","follow":"follow","max-snippet":"max-snippet:-1","max-image-preview":"max-image-preview:large","max-video-preview":"max-video-preview:-1"},"canonical":"https:\/\/www.prime-clean.com\/en\/gdpr-prime-clean\/","og_locale":"en_US","og_type":"article","og_title":"GDPR - Prime Clean","og_description":"[vc_row][vc_column][\/vc_column][\/vc_row][vc_row css=&#8221;.vc_custom_1715366396394{margin-top: -250px !important;}&#8221;][vc_column][vc_column_text] General Data Protection Regulation Introduction This General Data Protection Regulation (&#8220;GDPR&#8221;) is established by Prime Clean (&#8220;Brand&#8221;), headquartered at Parque das Na\u00e7\u00f5es Edif\u00edcio Infante Av. D. Jo\u00e3o II, n\u00ba 35, Piso 11\u00ba 1990-083 Lisboa, hereinafter referred to as the &#8220;Data Controller&#8221;, in accordance with Regulation (EU) 2016\/679 of the European Parliament &hellip; Continue reading New cleaning company Prime Clean &#8211; Braga","og_url":"https:\/\/www.prime-clean.com\/en\/gdpr-prime-clean\/","og_site_name":"Prime Clean Cleaning Company","article_publisher":"https:\/\/www.facebook.com\/FranchisingLimpezasPrimeClean\/","article_modified_time":"2024-12-29T16:19:58+00:00","og_image":[{"width":1200,"height":675,"url":"https:\/\/www.prime-clean.com\/wp-content\/uploads\/2025\/01\/Ja-conhece.jpg","type":"image\/jpeg"}],"twitter_card":"summary_large_image","twitter_site":"@primecleangroup","twitter_misc":{"Est. reading time":"4 minutes"},"schema":{"@context":"https:\/\/schema.org","@graph":[{"@type":"WebPage","@id":"https:\/\/www.prime-clean.com\/en\/gdpr-prime-clean\/","url":"https:\/\/www.prime-clean.com\/en\/gdpr-prime-clean\/","name":"GDPR - Prime Clean - Prime Clean Cleaning Company","isPartOf":{"@id":"https:\/\/www.prime-clean.com\/en\/#website"},"datePublished":"2024-05-12T08:56:52+00:00","dateModified":"2024-12-29T16:19:58+00:00","breadcrumb":{"@id":"https:\/\/www.prime-clean.com\/en\/gdpr-prime-clean\/#breadcrumb"},"inLanguage":"en-US","potentialAction":[{"@type":"ReadAction","target":["https:\/\/www.prime-clean.com\/en\/gdpr-prime-clean\/"]}]},{"@type":"BreadcrumbList","@id":"https:\/\/www.prime-clean.com\/en\/gdpr-prime-clean\/#breadcrumb","itemListElement":[{"@type":"ListItem","position":1,"name":"In\u00edcio","item":"https:\/\/www.prime-clean.com\/en\/"},{"@type":"ListItem","position":2,"name":"GDPR &#8211; Prime Clean"}]},{"@type":"WebSite","@id":"https:\/\/www.prime-clean.com\/en\/#website","url":"https:\/\/www.prime-clean.com\/en\/","name":"Empresa de limpezas Prime Clean","description":"The cleaning company Prime Clean is the best choice for domestic and commercial cleaning services.","alternateName":"Empresa de limpezas","potentialAction":[{"@type":"SearchAction","target":{"@type":"EntryPoint","urlTemplate":"https:\/\/www.prime-clean.com\/en\/?s={search_term_string}"},"query-input":{"@type":"PropertyValueSpecification","valueRequired":true,"valueName":"search_term_string"}}],"inLanguage":"en-US"}]}},"_links":{"self":[{"href":"https:\/\/www.prime-clean.com\/en\/wp-json\/wp\/v2\/pages\/16176","targetHints":{"allow":["GET"]}}],"collection":[{"href":"https:\/\/www.prime-clean.com\/en\/wp-json\/wp\/v2\/pages"}],"about":[{"href":"https:\/\/www.prime-clean.com\/en\/wp-json\/wp\/v2\/types\/page"}],"author":[{"embeddable":true,"href":"https:\/\/www.prime-clean.com\/en\/wp-json\/wp\/v2\/users\/1"}],"replies":[{"embeddable":true,"href":"https:\/\/www.prime-clean.com\/en\/wp-json\/wp\/v2\/comments?post=16176"}],"version-history":[{"count":1,"href":"https:\/\/www.prime-clean.com\/en\/wp-json\/wp\/v2\/pages\/16176\/revisions"}],"predecessor-version":[{"id":16184,"href":"https:\/\/www.prime-clean.com\/en\/wp-json\/wp\/v2\/pages\/16176\/revisions\/16184"}],"wp:attachment":[{"href":"https:\/\/www.prime-clean.com\/en\/wp-json\/wp\/v2\/media?parent=16176"}],"curies":[{"name":"wp","href":"https:\/\/api.w.org\/{rel}","templated":true}]}}